{"id":13669,"date":"2022-05-30T13:47:16","date_gmt":"2022-05-30T13:47:16","guid":{"rendered":"https:\/\/fortidelrourell.es\/espacios-bodas-castillo-forti-rourell\/"},"modified":"2024-12-19T03:27:14","modified_gmt":"2024-12-19T03:27:14","slug":"espais-bodes-castell-forti-rourell","status":"publish","type":"page","link":"https:\/\/fortidelrourell.es\/ca\/espais-bodes-castell-forti-rourell\/","title":{"rendered":"Els espais del Fort\u00ed del Rourell"},"content":{"rendered":"<p>[et_pb_section fb_built=\u00bb1&#8243; admin_label=\u00bbHero\u00bb _builder_version=\u00bb4.23&#8243; use_background_color_gradient=\u00bbon\u00bb background_color_gradient_stops=\u00bbrgba(0,0,0,0.68) 0%|rgba(0,0,0,0.51) 81%\u00bb background_color_gradient_overlays_image=\u00bbon\u00bb background_color_gradient_start=\u00bbrgba(0,0,0,0.68)\u00bb background_color_gradient_end=\u00bbrgba(0,0,0,0.51)\u00bb background_color_gradient_end_position=\u00bb81%\u00bb background_image=\u00bbhttps:\/\/fortidelrourell.es\/wp-content\/uploads\/2023\/11\/FORTI-Spot-083-3-1_11zon.jpg\u00bb background_position=\u00bbbottom_center\u00bb background_vertical_offset=\u00bb35%\u00bb custom_margin=\u00bb|||\u00bb custom_padding=\u00bb90px||90px||false|\u00bb locked=\u00bboff\u00bb global_colors_info=\u00bb{}\u00bb][et_pb_row _builder_version=\u00bb4.16&#8243; background_size=\u00bbinitial\u00bb background_position=\u00bbtop_left\u00bb background_repeat=\u00bbrepeat\u00bb custom_margin=\u00bb|||\u00bb locked=\u00bboff\u00bb global_colors_info=\u00bb{}\u00bb][et_pb_column type=\u00bb4_4&#8243; _builder_version=\u00bb4.16&#8243; custom_padding=\u00bb|||\u00bb global_colors_info=\u00bb{}\u00bb custom_padding__hover=\u00bb|||\u00bb][et_pb_text admin_label=\u00bbTitle\u00bb _builder_version=\u00bb4.20.4&#8243; text_font=\u00bb||||||||\u00bb header_font=\u00bbEB Garamond|700|||||||\u00bb header_font_size=\u00bb64px\u00bb background_layout=\u00bbdark\u00bb max_width=\u00bb600px\u00bb animation_style=\u00bbfade\u00bb animation_direction=\u00bbbottom\u00bb animation_delay=\u00bb50ms\u00bb animation_starting_opacity=\u00bb100%\u00bb global_colors_info=\u00bb{}\u00bb]<\/p>\n<h1>Fort\u00ed del Rourell: tots els espais del castell<\/h1>\n<p>[\/et_pb_text][et_pb_text _builder_version=\u00bb4.22.1&#8243; text_font=\u00bbHelvetica Neue Condensed||||||||\u00bb text_font_size=\u00bb22px\u00bb text_line_height=\u00bb1.3em\u00bb header_font=\u00bb||||||||\u00bb background_layout=\u00bbdark\u00bb max_width=\u00bb600px\u00bb animation_style=\u00bbfade\u00bb animation_direction=\u00bbbottom\u00bb animation_delay=\u00bb100ms\u00bb animation_starting_opacity=\u00bb100%\u00bb text_font_size_tablet=\u00bb\u00bb text_font_size_phone=\u00bb\u00bb text_font_size_last_edited=\u00bbon|phone\u00bb global_colors_info=\u00bb{}\u00bb]<\/p>\n<p><span>Un castell templari amb 700 anys d&#8217;hist\u00f2ria, on tots els racons i els espais del Fort\u00ed del Rourell amaguen m\u00e0gia. El <\/span><span>Fort\u00ed<\/span><span>\u00a0<\/span><span>compta amb nombrosos espais que seran el tel\u00f3 de fons ideal per a una perfecta vetllada, des dels senyorials interiors del castell que conserven l&#8217;arquitectura original, fins a salons condicionats per a acollir boces modernes amb totes les comoditats, tot perfectament integrat per a aconseguir un escenari de luxe.<\/span><\/p>\n<p>[\/et_pb_text][et_pb_button button_url=\u00bb#tour-virtual\u00bb button_text=\u00bbTour Virtual\u00bb _builder_version=\u00bb4.24.2&#8243; _module_preset=\u00bbdefault\u00bb custom_button=\u00bbon\u00bb button_text_color=\u00bb#FFFFFF\u00bb button_bg_color=\u00bb#B2A283&#8243; button_border_width=\u00bb0px\u00bb button_border_radius=\u00bb0px\u00bb button_font=\u00bbHelvetica Neue Condensed|600||on|||||\u00bb global_colors_info=\u00bb{}\u00bb][\/et_pb_button][\/et_pb_column][\/et_pb_row][\/et_pb_section][et_pb_section fb_built=\u00bb1&#8243; admin_label=\u00bbtestimonials\u00bb _builder_version=\u00bb4.16&#8243; background_color=\u00bb#f9f6f5&#8243; background_image=\u00bbhttps:\/\/fortidelrourell.es\/wp-content\/uploads\/2022\/05\/divider.png\u00bb background_size=\u00bbinitial\u00bb background_position=\u00bbtop_right\u00bb background_repeat=\u00bbrepeat\u00bb custom_padding=\u00bb|||\u00bb global_colors_info=\u00bb{}\u00bb][et_pb_row column_structure=\u00bb3_5,2_5&#8243; disabled_on=\u00bbon|on|on\u00bb _builder_version=\u00bb4.16&#8243; width=\u00bb100%\u00bb max_width=\u00bb1400px\u00bb custom_padding=\u00bb|||\u00bb animation_direction=\u00bbleft\u00bb disabled=\u00bbon\u00bb global_colors_info=\u00bb{}\u00bb][et_pb_column type=\u00bb3_5&#8243; _builder_version=\u00bb4.16&#8243; custom_padding=\u00bb|||\u00bb global_colors_info=\u00bb{}\u00bb custom_padding__hover=\u00bb|||\u00bb][et_pb_image src=\u00bbhttps:\/\/fortidelrourell.es\/wp-content\/uploads\/2022\/05\/Fort\u00ed_Rourell_bodas-10-min.jpg\u00bb alt=\u00bbla ceremonia de boda forti del roure\u00bb title_text=\u00bbla ceremonia de boda forti del roure\u00bb align_tablet=\u00bbcenter\u00bb align_phone=\u00bb\u00bb align_last_edited=\u00bbon|desktop\u00bb _builder_version=\u00bb4.16&#8243; custom_margin=\u00bb||0px|\u00bb animation_style=\u00bbfold\u00bb animation_direction=\u00bbright\u00bb animation_intensity_fold=\u00bb10%\u00bb global_colors_info=\u00bb{}\u00bb][\/et_pb_image][\/et_pb_column][et_pb_column type=\u00bb2_5&#8243; _builder_version=\u00bb4.16&#8243; custom_padding=\u00bb|||\u00bb global_colors_info=\u00bb{}\u00bb custom_padding__hover=\u00bb|||\u00bb][et_pb_text _builder_version=\u00bb4.16&#8243; text_font=\u00bbRoboto||||||||\u00bb text_font_size=\u00bb18px\u00bb text_line_height=\u00bb1.8em\u00bb header_font=\u00bb||||||||\u00bb header_2_font=\u00bb|700|||||||\u00bb header_2_font_size=\u00bb32px\u00bb header_4_font=\u00bb||||||||\u00bb background_color=\u00bb#f9f6f5&#8243; custom_margin=\u00bb100px|||-160px\u00bb custom_margin_tablet=\u00bb-100px|40px||40px||true\u00bb custom_margin_phone=\u00bb|20px||20px||true\u00bb custom_margin_last_edited=\u00bbon|phone\u00bb custom_padding=\u00bb30px|30px|30px|30px|true|true\u00bb custom_padding_tablet=\u00bb\u00bb custom_padding_phone=\u00bb20px|20px|20px|20px|true|true\u00bb custom_padding_last_edited=\u00bbon|desktop\u00bb animation_style=\u00bbslide\u00bb animation_direction=\u00bbright\u00bb animation_intensity_slide=\u00bb4%\u00bb animation_starting_opacity=\u00bb100%\u00bb text_font_size_tablet=\u00bb\u00bb text_font_size_phone=\u00bb15px\u00bb text_font_size_last_edited=\u00bbon|desktop\u00bb global_colors_info=\u00bb{}\u00bb]<\/p>\n<h2>La cochera<\/h2>\n<p>Naturaleza abierta con la pared del castillo como tel\u00f3n de fondo. Un sitio perfecto para la ceremonia, con un largo pasillo ideal para que los novios tengan su entrada so\u00f1ada.<\/p>\n<p>[\/et_pb_text][\/et_pb_column][\/et_pb_row][et_pb_row column_structure=\u00bb1_2,1_2&#8243; use_custom_gutter=\u00bbon\u00bb gutter_width=\u00bb1&#8243; _builder_version=\u00bb4.22.0&#8243; min_height=\u00bb465.6px\u00bb custom_padding=\u00bb0||0px||false|false\u00bb locked=\u00bboff\u00bb global_colors_info=\u00bb{}\u00bb][et_pb_column type=\u00bb1_2&#8243; _builder_version=\u00bb4.16&#8243; custom_padding=\u00bb|||\u00bb global_colors_info=\u00bb{}\u00bb custom_padding__hover=\u00bb|||\u00bb][et_pb_text _builder_version=\u00bb4.23&#8243; text_font=\u00bb||||||||\u00bb text_font_size=\u00bb16px\u00bb text_line_height=\u00bb2em\u00bb header_font=\u00bb||||||||\u00bb header_2_font=\u00bbPrata||||||||\u00bb header_2_font_size=\u00bb48px\u00bb header_2_line_height=\u00bb1.3em\u00bb header_3_font=\u00bbPrata||||||||\u00bb header_3_font_size=\u00bb24px\u00bb header_3_line_height=\u00bb1.3em\u00bb text_orientation=\u00bbright\u00bb custom_margin=\u00bb||0px\u00bb custom_padding=\u00bb|30px|60px||false|false\u00bb text_font_size_tablet=\u00bb14px\u00bb text_font_size_phone=\u00bb\u00bb text_font_size_last_edited=\u00bbon|tablet\u00bb header_2_font_size_tablet=\u00bb36px\u00bb header_2_font_size_phone=\u00bb26px\u00bb header_2_font_size_last_edited=\u00bbon|desktop\u00bb header_3_font_size_tablet=\u00bb20px\u00bb header_3_font_size_phone=\u00bb\u00bb header_3_font_size_last_edited=\u00bbon|desktop\u00bb border_color_all=\u00bb#8ab2d3&#8243; border_width_right=\u00bb3px\u00bb border_color_right=\u00bb#CAD8E5&#8243; locked=\u00bboff\u00bb global_colors_info=\u00bb{}\u00bb]<\/p>\n<h3>Sala Nen\u00fafars<\/h3>\n<p>Un gran sal\u00f3 di\u00e0fan de banquets, espai\u00f3s, c\u00f2mode i amb un encant especial. L&#8217;espai perfecte per al gran banquet, amb temperatura controlada amb aire condicionat i calefacci\u00f3, una il\u00b7luminaci\u00f3 ideal per a degustar els plats amb comoditat i a resguard de les inclem\u00e8ncies meteorol\u00f2giques.<\/p>\n<p>Disposa de megafonia, projector, pantalla per a projeccions, connexi\u00f3 wifi, barra de bar i cuina.<\/p>\n<p>[\/et_pb_text][et_pb_image src=\u00bbhttps:\/\/fortidelrourell.es\/wp-content\/uploads\/2023\/08\/wRecurso-192.webp\u00bb alt=\u00bbcapacidad espacios\u00bb title_text=\u00bbcapacidad espacios\u00bb _builder_version=\u00bb4.22.0&#8243; _module_preset=\u00bbdefault\u00bb custom_padding=\u00bb30px||||false|false\u00bb border_color_right=\u00bb#CAD8E5&#8243; global_colors_info=\u00bb{}\u00bb][\/et_pb_image][\/et_pb_column][et_pb_column type=\u00bb1_2&#8243; _builder_version=\u00bb4.16&#8243; custom_padding=\u00bb|||\u00bb custom_padding_tablet=\u00bb0px||\u00bb custom_padding_phone=\u00bb0px||\u00bb custom_padding_last_edited=\u00bbon|tablet\u00bb global_colors_info=\u00bb{}\u00bb custom_padding__hover=\u00bb|||\u00bb][et_pb_image src=\u00bbhttps:\/\/fortidelrourell.es\/wp-content\/uploads\/2023\/11\/FORTI-Spot-072-2-1.jpg\u00bb alt=\u00bbsala nen\u00fafar\u00bb title_text=\u00bbsala nen\u00fafar\u00bb _builder_version=\u00bb4.23&#8243; _module_preset=\u00bbdefault\u00bb module_alignment=\u00bbleft\u00bb custom_margin=\u00bb||||false|false\u00bb custom_padding=\u00bb|||30px|false|false\u00bb global_colors_info=\u00bb{}\u00bb][\/et_pb_image][\/et_pb_column][\/et_pb_row][et_pb_row column_structure=\u00bb1_2,1_2&#8243; use_custom_gutter=\u00bbon\u00bb gutter_width=\u00bb1&#8243; _builder_version=\u00bb4.16&#8243; background_size=\u00bbinitial\u00bb custom_padding=\u00bb0||0px||false|false\u00bb locked=\u00bboff\u00bb global_colors_info=\u00bb{}\u00bb][et_pb_column type=\u00bb1_2&#8243; _builder_version=\u00bb4.16&#8243; custom_padding=\u00bb|||\u00bb global_colors_info=\u00bb{}\u00bb custom_padding__hover=\u00bb|||\u00bb][et_pb_image src=\u00bbhttps:\/\/fortidelrourell.es\/wp-content\/uploads\/2023\/11\/FORTI-Spot-101-1_11zon-4.jpg\u00bb alt=\u00bbjardin secreto eventos forti\u00bb title_text=\u00bbFORTI &#8211; Spot-101 (1)_11zon (4)\u00bb _builder_version=\u00bb4.23&#8243; _module_preset=\u00bbdefault\u00bb module_alignment=\u00bbleft\u00bb custom_margin=\u00bb||||false|false\u00bb custom_padding=\u00bb|30px|||false|false\u00bb global_colors_info=\u00bb{}\u00bb][\/et_pb_image][\/et_pb_column][et_pb_column type=\u00bb1_2&#8243; _builder_version=\u00bb4.16&#8243; custom_padding=\u00bb|||\u00bb custom_padding_tablet=\u00bb0px||\u00bb custom_padding_phone=\u00bb0px||\u00bb custom_padding_last_edited=\u00bbon|tablet\u00bb global_colors_info=\u00bb{}\u00bb custom_padding__hover=\u00bb|||\u00bb][et_pb_text _builder_version=\u00bb4.22.0&#8243; text_font=\u00bb||||||||\u00bb text_font_size=\u00bb16px\u00bb text_line_height=\u00bb2em\u00bb header_font=\u00bb||||||||\u00bb header_2_font=\u00bbPrata||||||||\u00bb header_2_font_size=\u00bb48px\u00bb header_2_line_height=\u00bb1.3em\u00bb header_3_font=\u00bbPrata||||||||\u00bb header_3_font_size=\u00bb24px\u00bb header_3_line_height=\u00bb1.3em\u00bb custom_margin=\u00bb||0px\u00bb custom_padding=\u00bb||60px|30px\u00bb text_font_size_tablet=\u00bb14px\u00bb text_font_size_phone=\u00bb\u00bb text_font_size_last_edited=\u00bbon|tablet\u00bb header_2_font_size_tablet=\u00bb36px\u00bb header_2_font_size_phone=\u00bb26px\u00bb header_2_font_size_last_edited=\u00bbon|desktop\u00bb header_3_font_size_tablet=\u00bb20px\u00bb header_3_font_size_phone=\u00bb\u00bb header_3_font_size_last_edited=\u00bbon|desktop\u00bb border_color_all=\u00bb#8ab2d3&#8243; border_width_left=\u00bb3px\u00bb border_color_left=\u00bb#CAD8E5&#8243; locked=\u00bboff\u00bb global_colors_info=\u00bb{}\u00bb]<\/p>\n<h3>Jard\u00ed Secret<\/h3>\n<p>Ideal per a presentacions de productes de gran grand\u00e0ria, concerts, cerim\u00f2nies, activitats i c\u00f2ctels informals i distesos.<\/p>\n<p>[\/et_pb_text][et_pb_image src=\u00bbhttps:\/\/fortidelrourell.es\/wp-content\/uploads\/2023\/08\/wRecurso-202.webp\u00bb alt=\u00bbespacio jardin forti\u00bb title_text=\u00bbespacio jardin forti\u00bb _builder_version=\u00bb4.22.0&#8243; _module_preset=\u00bbdefault\u00bb width=\u00bb45%\u00bb custom_padding=\u00bb29px|0px||30px|false|false\u00bb global_colors_info=\u00bb{}\u00bb][\/et_pb_image][\/et_pb_column][\/et_pb_row][et_pb_row column_structure=\u00bb2_5,3_5&#8243; disabled_on=\u00bbon|on|on\u00bb _builder_version=\u00bb4.16&#8243; width=\u00bb100%\u00bb max_width=\u00bb1400px\u00bb min_height=\u00bb1273.4px\u00bb custom_padding=\u00bb27px|0px|0|0px|false|false\u00bb disabled=\u00bbon\u00bb locked=\u00bboff\u00bb global_colors_info=\u00bb{}\u00bb][et_pb_column type=\u00bb2_5&#8243; _builder_version=\u00bb4.16&#8243; custom_padding=\u00bb|||\u00bb global_colors_info=\u00bb{}\u00bb custom_padding__hover=\u00bb|||\u00bb][et_pb_image src=\u00bbhttps:\/\/fortidelrourell.es\/wp-content\/uploads\/2022\/03\/FORTI_Calcotada_-157.jpg\u00bb alt=\u00bbInterior castillo Rourell\u00bb title_text=\u00bbInterior castillo Rourell\u00bb align_tablet=\u00bbcenter\u00bb align_phone=\u00bb\u00bb align_last_edited=\u00bbon|desktop\u00bb _builder_version=\u00bb4.16&#8243; custom_margin=\u00bb||0px|\u00bb animation_direction=\u00bbbottom\u00bb locked=\u00bboff\u00bb global_colors_info=\u00bb{}\u00bb][\/et_pb_image][et_pb_text _builder_version=\u00bb4.16&#8243; text_font=\u00bbRoboto||||||||\u00bb text_font_size=\u00bb18px\u00bb text_line_height=\u00bb1.8em\u00bb header_font=\u00bb||||||||\u00bb header_2_font=\u00bb|700|||||||\u00bb header_2_font_size=\u00bb32px\u00bb header_4_font=\u00bb||||||||\u00bb background_color=\u00bb#f9f6f5&#8243; custom_margin=\u00bb-50px|30px||30px||true\u00bb custom_margin_tablet=\u00bb|||||true\u00bb custom_margin_phone=\u00bb|20px||20px||true\u00bb custom_margin_last_edited=\u00bbon|phone\u00bb custom_padding=\u00bb30px|30px|30px|30px|true|true\u00bb custom_padding_tablet=\u00bb\u00bb custom_padding_phone=\u00bb20px|20px|20px|20px|true|true\u00bb custom_padding_last_edited=\u00bbon|phone\u00bb animation_style=\u00bbslide\u00bb animation_direction=\u00bbbottom\u00bb animation_intensity_slide=\u00bb4%\u00bb animation_starting_opacity=\u00bb100%\u00bb text_font_size_phone=\u00bb15px\u00bb text_font_size_last_edited=\u00bboff|desktop\u00bb global_colors_info=\u00bb{}\u00bb]<\/p>\n<h2>Interior del castillo<\/h2>\n<p>Antiguas estancias con mobiliario de \u00e9poca. Un imponente tel\u00f3n de claroscuros en el que s\u00f3lo faltan los protagonistas: vosotros.<\/p>\n<p>[\/et_pb_text][et_pb_image src=\u00bbhttps:\/\/fortidelrourell.es\/wp-content\/uploads\/2022\/05\/FortidelRourell-48-min-scaled.jpg\u00bb alt=\u00bbFoto novia interior del castillo | Forti del Rourell\u00bb title_text=\u00bbFortidelRourell-48-min\u00bb align_tablet=\u00bbcenter\u00bb align_phone=\u00bb\u00bb align_last_edited=\u00bbon|desktop\u00bb _builder_version=\u00bb4.16&#8243; z_index=\u00bb-96&#8243; custom_margin=\u00bb-75px||0px||false|false\u00bb animation_direction=\u00bbbottom\u00bb locked=\u00bboff\u00bb global_colors_info=\u00bb{}\u00bb][\/et_pb_image][\/et_pb_column][et_pb_column type=\u00bb3_5&#8243; _builder_version=\u00bb4.16&#8243; custom_padding=\u00bb|||\u00bb global_colors_info=\u00bb{}\u00bb custom_padding__hover=\u00bb|||\u00bb][et_pb_image src=\u00bbhttps:\/\/fortidelrourell.es\/wp-content\/uploads\/2022\/05\/forti-rourell-paio.jpeg\u00bb alt=\u00bbaperitivos en el patio del castillo rourell\u00bb title_text=\u00bbaperitivos en el patio del castillo rourell\u00bb align_tablet=\u00bbcenter\u00bb align_phone=\u00bb\u00bb align_last_edited=\u00bbon|desktop\u00bb _builder_version=\u00bb4.16&#8243; custom_margin=\u00bb||0px|\u00bb animation_style=\u00bbslide\u00bb animation_direction=\u00bbleft\u00bb animation_duration=\u00bb1650ms\u00bb global_colors_info=\u00bb{}\u00bb][\/et_pb_image][et_pb_text _builder_version=\u00bb4.16&#8243; text_font=\u00bbRoboto||||||||\u00bb text_font_size=\u00bb18px\u00bb text_line_height=\u00bb1.8em\u00bb header_font=\u00bb||||||||\u00bb header_2_font=\u00bb|700|||||||\u00bb header_2_font_size=\u00bb32px\u00bb header_4_font=\u00bb||||||||\u00bb background_color=\u00bb#f9f6f5&#8243; custom_margin=\u00bb-50px|30px||30px||true\u00bb custom_margin_tablet=\u00bb|||||true\u00bb custom_margin_phone=\u00bb|20px||20px||true\u00bb custom_margin_last_edited=\u00bbon|phone\u00bb custom_padding=\u00bb30px|30px|30px|30px|true|true\u00bb custom_padding_tablet=\u00bb\u00bb custom_padding_phone=\u00bb20px|20px|20px|20px|true|true\u00bb custom_padding_last_edited=\u00bbon|phone\u00bb animation_style=\u00bbslide\u00bb animation_direction=\u00bbbottom\u00bb animation_intensity_slide=\u00bb4%\u00bb animation_starting_opacity=\u00bb100%\u00bb text_font_size_phone=\u00bb15px\u00bb text_font_size_last_edited=\u00bboff|desktop\u00bb locked=\u00bboff\u00bb global_colors_info=\u00bb{}\u00bb]<\/p>\n<h2>Patio del castillo<\/h2>\n<p>El patio del castillo es un plaza al aire libre emmurallada por la construcci\u00f3n. Un espacio ideal para celebrar el aperitivo de boda. Un espacio acondicionado para disfrutar de los entrates del men\u00fa rodeados de los imponentes muros del fort\u00edn.<\/p>\n<p>El patio dispone de un entoldado para proteger a los invitados de sol y la lluvia.<\/p>\n<p>[\/et_pb_text][\/et_pb_column][\/et_pb_row][et_pb_row column_structure=\u00bb1_2,1_2&#8243; use_custom_gutter=\u00bbon\u00bb gutter_width=\u00bb1&#8243; _builder_version=\u00bb4.16&#8243; background_size=\u00bbinitial\u00bb custom_margin=\u00bb61px|auto||auto||\u00bb custom_padding=\u00bb0||0px||false|false\u00bb locked=\u00bboff\u00bb global_colors_info=\u00bb{}\u00bb][et_pb_column type=\u00bb1_2&#8243; _builder_version=\u00bb4.16&#8243; custom_padding=\u00bb|||\u00bb global_colors_info=\u00bb{}\u00bb custom_padding__hover=\u00bb|||\u00bb][et_pb_text _builder_version=\u00bb4.23&#8243; text_font=\u00bb||||||||\u00bb text_font_size=\u00bb16px\u00bb text_line_height=\u00bb2em\u00bb header_font=\u00bb||||||||\u00bb header_2_font=\u00bbPrata||||||||\u00bb header_2_font_size=\u00bb48px\u00bb header_2_line_height=\u00bb1.3em\u00bb header_3_font=\u00bbPrata||||||||\u00bb header_3_font_size=\u00bb24px\u00bb header_3_line_height=\u00bb1.3em\u00bb text_orientation=\u00bbright\u00bb custom_margin=\u00bb||0px\u00bb custom_padding=\u00bb|30px|60px|\u00bb text_font_size_tablet=\u00bb14px\u00bb text_font_size_phone=\u00bb\u00bb text_font_size_last_edited=\u00bbon|tablet\u00bb header_2_font_size_tablet=\u00bb36px\u00bb header_2_font_size_phone=\u00bb26px\u00bb header_2_font_size_last_edited=\u00bbon|desktop\u00bb header_3_font_size_tablet=\u00bb20px\u00bb header_3_font_size_phone=\u00bb\u00bb header_3_font_size_last_edited=\u00bbon|desktop\u00bb border_color_all=\u00bb#8ab2d3&#8243; border_width_right=\u00bb3px\u00bb border_color_right=\u00bb#CAD8E5&#8243; locked=\u00bboff\u00bb global_colors_info=\u00bb{}\u00bb]<\/p>\n<h3>Sala Tap\u00eds<\/h3>\n<p>Espai integrat dins del Fort\u00ed, ideal per a menjars, sopars i reunions molt especials de petits grups.<\/p>\n<p>Aquesta sala es pot complementar amb la sala de Bombetes.<\/p>\n<p>[\/et_pb_text][et_pb_image src=\u00bbhttps:\/\/fortidelrourell.es\/wp-content\/uploads\/2023\/08\/wRecurso-212.webp\u00bb alt=\u00bbEspacio sala tapiz\u00bb title_text=\u00bbEspacio sala tapiz\u00bb _builder_version=\u00bb4.22.0&#8243; _module_preset=\u00bbdefault\u00bb global_colors_info=\u00bb{}\u00bb][\/et_pb_image][\/et_pb_column][et_pb_column type=\u00bb1_2&#8243; _builder_version=\u00bb4.16&#8243; custom_padding=\u00bb|||\u00bb custom_padding_tablet=\u00bb0px||\u00bb custom_padding_phone=\u00bb0px||\u00bb custom_padding_last_edited=\u00bbon|tablet\u00bb global_colors_info=\u00bb{}\u00bb custom_padding__hover=\u00bb|||\u00bb][et_pb_image src=\u00bbhttps:\/\/fortidelrourell.es\/wp-content\/uploads\/2023\/07\/FORT-087_11zon.webp\u00bb alt=\u00bbun castillo con historia\u00bb title_text=\u00bbun castillo con historia\u00bb _builder_version=\u00bb4.22.0&#8243; _module_preset=\u00bbdefault\u00bb module_alignment=\u00bbleft\u00bb custom_margin=\u00bb||||false|false\u00bb custom_padding=\u00bb|||30px|false|false\u00bb global_colors_info=\u00bb{}\u00bb][\/et_pb_image][\/et_pb_column][\/et_pb_row][et_pb_row column_structure=\u00bb1_2,1_2&#8243; use_custom_gutter=\u00bbon\u00bb gutter_width=\u00bb1&#8243; _builder_version=\u00bb4.16&#8243; background_size=\u00bbinitial\u00bb custom_margin=\u00bb40px|auto||auto||\u00bb custom_padding=\u00bb0||0px||false|false\u00bb locked=\u00bboff\u00bb global_colors_info=\u00bb{}\u00bb][et_pb_column type=\u00bb1_2&#8243; _builder_version=\u00bb4.16&#8243; custom_padding=\u00bb|||\u00bb global_colors_info=\u00bb{}\u00bb custom_padding__hover=\u00bb|||\u00bb][et_pb_image src=\u00bbhttps:\/\/fortidelrourell.es\/wp-content\/uploads\/2023\/05\/1cad1403-7695-4285-a7f3-c17a9ba72a66.jpg\u00bb alt=\u00bbespacios para bodas\u00bb title_text=\u00bbespacios para bodas\u00bb _builder_version=\u00bb4.22.0&#8243; _module_preset=\u00bbdefault\u00bb module_alignment=\u00bbleft\u00bb custom_margin=\u00bb||||false|false\u00bb custom_padding=\u00bb|30px|||false|false\u00bb global_colors_info=\u00bb{}\u00bb][\/et_pb_image][\/et_pb_column][et_pb_column type=\u00bb1_2&#8243; _builder_version=\u00bb4.22.0&#8243; _module_preset=\u00bbdefault\u00bb global_colors_info=\u00bb{}\u00bb][et_pb_text _builder_version=\u00bb4.23&#8243; text_font=\u00bb||||||||\u00bb text_font_size=\u00bb16px\u00bb text_line_height=\u00bb2em\u00bb header_font=\u00bb||||||||\u00bb header_2_font=\u00bbPrata||||||||\u00bb header_2_font_size=\u00bb48px\u00bb header_2_line_height=\u00bb1.3em\u00bb header_3_font=\u00bbPrata||||||||\u00bb header_3_font_size=\u00bb24px\u00bb header_3_line_height=\u00bb1.3em\u00bb custom_margin=\u00bb||0px\u00bb custom_padding=\u00bb||60px|30px\u00bb text_font_size_tablet=\u00bb14px\u00bb text_font_size_phone=\u00bb\u00bb text_font_size_last_edited=\u00bbon|tablet\u00bb header_2_font_size_tablet=\u00bb36px\u00bb header_2_font_size_phone=\u00bb26px\u00bb header_2_font_size_last_edited=\u00bbon|desktop\u00bb header_3_font_size_tablet=\u00bb20px\u00bb header_3_font_size_phone=\u00bb\u00bb header_3_font_size_last_edited=\u00bbon|desktop\u00bb border_color_all=\u00bb#8ab2d3&#8243; border_width_left=\u00bb3px\u00bb border_color_left=\u00bb#CAD8E5&#8243; locked=\u00bboff\u00bb global_colors_info=\u00bb{}\u00bb]<\/p>\n<h3>Sala Bombetes<\/h3>\n<p>Espai integrat dins del Fort\u00ed, ideal per a reunions especials, recitals art\u00edstics culturals, localitzacions, presentacions, menjars i sopars singulars en petit comit\u00e8, c\u00f2ctels, zones lounge tranquil\u00b7les, etc.<\/p>\n<p>[\/et_pb_text][et_pb_image src=\u00bbhttps:\/\/fortidelrourell.es\/wp-content\/uploads\/2023\/08\/wRecurso-222.webp\u00bb alt=\u00bbespacio sala bombillas\u00bb title_text=\u00bbespacio sala bombillas\u00bb _builder_version=\u00bb4.22.0&#8243; _module_preset=\u00bbdefault\u00bb width=\u00bb70%\u00bb custom_padding=\u00bb|||0px|false|false\u00bb global_colors_info=\u00bb{}\u00bb][\/et_pb_image][\/et_pb_column][\/et_pb_row][et_pb_row column_structure=\u00bb1_2,1_2&#8243; use_custom_gutter=\u00bbon\u00bb gutter_width=\u00bb1&#8243; _builder_version=\u00bb4.16&#8243; background_size=\u00bbinitial\u00bb min_height=\u00bb501.6px\u00bb custom_margin=\u00bb73px|auto|-90px|auto||\u00bb custom_padding=\u00bb0||0px||false|false\u00bb locked=\u00bboff\u00bb global_colors_info=\u00bb{}\u00bb][et_pb_column type=\u00bb1_2&#8243; _builder_version=\u00bb4.16&#8243; custom_padding=\u00bb|||\u00bb global_colors_info=\u00bb{}\u00bb custom_padding__hover=\u00bb|||\u00bb][et_pb_text _builder_version=\u00bb4.23&#8243; text_font=\u00bb||||||||\u00bb text_font_size=\u00bb16px\u00bb text_line_height=\u00bb2em\u00bb header_font=\u00bb||||||||\u00bb header_2_font=\u00bbPrata||||||||\u00bb header_2_font_size=\u00bb48px\u00bb header_2_line_height=\u00bb1.3em\u00bb header_3_font=\u00bbPrata||||||||\u00bb header_3_font_size=\u00bb24px\u00bb header_3_line_height=\u00bb1.3em\u00bb text_orientation=\u00bbright\u00bb custom_margin=\u00bb||0px\u00bb custom_padding=\u00bb|30px|60px|\u00bb text_font_size_tablet=\u00bb14px\u00bb text_font_size_phone=\u00bb\u00bb text_font_size_last_edited=\u00bbon|tablet\u00bb header_2_font_size_tablet=\u00bb36px\u00bb header_2_font_size_phone=\u00bb26px\u00bb header_2_font_size_last_edited=\u00bbon|desktop\u00bb header_3_font_size_tablet=\u00bb20px\u00bb header_3_font_size_phone=\u00bb\u00bb header_3_font_size_last_edited=\u00bbon|desktop\u00bb border_color_all=\u00bb#CAD8E5&#8243; border_width_right=\u00bb3px\u00bb locked=\u00bboff\u00bb global_colors_info=\u00bb{}\u00bb]<\/p>\n<h3>Pla\u00e7a<\/h3>\n<p>Espai exterior com\u00fa al poble. Ideal per a celebrar esdeveniments immersius, recepcions, activitats, vermuts, etc.<\/p>\n<p>Baix petici\u00f3 especial.<\/p>\n<p>[\/et_pb_text][\/et_pb_column][et_pb_column type=\u00bb1_2&#8243; _builder_version=\u00bb4.16&#8243; custom_padding=\u00bb|||\u00bb custom_padding_tablet=\u00bb0px||\u00bb custom_padding_phone=\u00bb0px||\u00bb custom_padding_last_edited=\u00bbon|tablet\u00bb global_colors_info=\u00bb{}\u00bb custom_padding__hover=\u00bb|||\u00bb][et_pb_image src=\u00bbhttps:\/\/fortidelrourell.es\/wp-content\/uploads\/2023\/08\/wRecurso-132.webp\u00bb alt=\u00bbplaza forti rourell\u00bb title_text=\u00bbplaza forti rourell\u00bb _builder_version=\u00bb4.22.0&#8243; _module_preset=\u00bbdefault\u00bb module_alignment=\u00bbleft\u00bb custom_margin=\u00bb||||false|false\u00bb custom_padding=\u00bb|||30px|false|false\u00bb global_colors_info=\u00bb{}\u00bb][\/et_pb_image][\/et_pb_column][\/et_pb_row][et_pb_row column_structure=\u00bb1_2,1_2&#8243; use_custom_gutter=\u00bbon\u00bb gutter_width=\u00bb1&#8243; _builder_version=\u00bb4.16&#8243; background_size=\u00bbinitial\u00bb custom_padding=\u00bb0||0px||false|false\u00bb locked=\u00bboff\u00bb global_colors_info=\u00bb{}\u00bb][et_pb_column type=\u00bb1_2&#8243; _builder_version=\u00bb4.16&#8243; custom_padding=\u00bb|||\u00bb global_colors_info=\u00bb{}\u00bb custom_padding__hover=\u00bb|||\u00bb][et_pb_image src=\u00bbhttps:\/\/fortidelrourell.es\/wp-content\/uploads\/2023\/03\/FORT-076-scaled.jpg\u00bb alt=\u00bbespacios forti rourell\u00bb title_text=\u00bbespacios forti rourell\u00bb _builder_version=\u00bb4.22.0&#8243; _module_preset=\u00bbdefault\u00bb module_alignment=\u00bbleft\u00bb custom_margin=\u00bb||||false|false\u00bb custom_padding=\u00bb|30px|||false|false\u00bb global_colors_info=\u00bb{}\u00bb][\/et_pb_image][\/et_pb_column][et_pb_column type=\u00bb1_2&#8243; _builder_version=\u00bb4.22.0&#8243; _module_preset=\u00bbdefault\u00bb global_colors_info=\u00bb{}\u00bb][et_pb_text _builder_version=\u00bb4.23&#8243; text_font=\u00bb||||||||\u00bb text_font_size=\u00bb16px\u00bb text_line_height=\u00bb2em\u00bb header_font=\u00bb||||||||\u00bb header_2_font=\u00bbPrata||||||||\u00bb header_2_font_size=\u00bb48px\u00bb header_2_line_height=\u00bb1.3em\u00bb header_3_font=\u00bbPrata||||||||\u00bb header_3_font_size=\u00bb24px\u00bb header_3_line_height=\u00bb1.3em\u00bb custom_margin=\u00bb||0px\u00bb custom_padding=\u00bb||60px|30px\u00bb text_font_size_tablet=\u00bb14px\u00bb text_font_size_phone=\u00bb\u00bb text_font_size_last_edited=\u00bbon|tablet\u00bb header_2_font_size_tablet=\u00bb36px\u00bb header_2_font_size_phone=\u00bb26px\u00bb header_2_font_size_last_edited=\u00bbon|desktop\u00bb header_3_font_size_tablet=\u00bb20px\u00bb header_3_font_size_phone=\u00bb\u00bb header_3_font_size_last_edited=\u00bbon|desktop\u00bb border_color_all=\u00bb#8ab2d3&#8243; border_width_left=\u00bb3px\u00bb border_color_left=\u00bb#CAD8E5&#8243; locked=\u00bboff\u00bb global_colors_info=\u00bb{}\u00bb]<\/p>\n<h3>Pati de les armes<\/h3>\n<p>Espai adjacent al Fort\u00ed, ideal per a activitats, c\u00f2ctels, menjars, vetllades a la llum de les estrelles, presentacions, m\u00fasica en viu, etc.<\/p>\n<p>[\/et_pb_text][et_pb_image src=\u00bbhttps:\/\/fortidelrourell.es\/wp-content\/uploads\/2023\/08\/wRecurso-232.png\u00bb alt=\u00bbespacio forti rourell\u00bb title_text=\u00bbespacio forti rourell\u00bb _builder_version=\u00bb4.22.0&#8243; _module_preset=\u00bbdefault\u00bb global_colors_info=\u00bb{}\u00bb][\/et_pb_image][\/et_pb_column][\/et_pb_row][et_pb_row _builder_version=\u00bb4.16&#8243; _module_preset=\u00bbdefault\u00bb custom_margin=\u00bb|auto|-33px|auto||\u00bb locked=\u00bboff\u00bb global_colors_info=\u00bb{}\u00bb][et_pb_column type=\u00bb4_4&#8243; _builder_version=\u00bb4.16&#8243; _module_preset=\u00bbdefault\u00bb global_colors_info=\u00bb{}\u00bb][et_pb_text admin_label=\u00bbTitle\u00bb _builder_version=\u00bb4.22.1&#8243; text_font=\u00bbPT Sans|700|||||||\u00bb text_text_color=\u00bb#1e1e1e\u00bb text_font_size=\u00bb30px\u00bb text_line_height=\u00bb1.8em\u00bb header_font=\u00bb||||||||\u00bb header_3_font=\u00bbEB Garamond|600|||||||\u00bb header_3_font_size=\u00bb40px\u00bb header_3_line_height=\u00bb1.4em\u00bb custom_margin=\u00bb77px||14px||false|false\u00bb animation_style=\u00bbfade\u00bb animation_direction=\u00bbleft\u00bb animation_starting_opacity=\u00bb100%\u00bb global_colors_info=\u00bb{}\u00bb]<\/p>\n<h3 style=\"text-align: center;\">Galeria d&#8217;imatges:\u00a0Els espais del Fort\u00ed del Rourell<\/h3>\n<p>[\/et_pb_text][\/et_pb_column][\/et_pb_row][et_pb_row column_structure=\u00bb1_3,1_3,1_3&#8243; _builder_version=\u00bb4.16&#8243; width=\u00bb100%\u00bb max_width=\u00bb1400px\u00bb locked=\u00bboff\u00bb global_colors_info=\u00bb{}\u00bb][et_pb_column type=\u00bb1_3&#8243; _builder_version=\u00bb4.16&#8243; custom_padding=\u00bb|||\u00bb global_colors_info=\u00bb{}\u00bb custom_padding__hover=\u00bb|||\u00bb][et_pb_image src=\u00bbhttps:\/\/fortidelrourell.es\/wp-content\/uploads\/2023\/05\/LIFE-PM-Color-337-scaled.jpg\u00bb alt=\u00bbmen\u00fas de boda\u00bb title_text=\u00bbLIFE &#8211; P&#038;M &#8211; Color-337&#8243; show_in_lightbox=\u00bbon\u00bb use_overlay=\u00bbon\u00bb overlay_icon_color=\u00bb#CAD8E5&#8243; hover_overlay_color=\u00bbrgba(255,255,255,0.2)\u00bb force_fullwidth=\u00bbon\u00bb align_tablet=\u00bbcenter\u00bb align_phone=\u00bb\u00bb align_last_edited=\u00bbon|desktop\u00bb _builder_version=\u00bb4.23&#8243; global_colors_info=\u00bb{}\u00bb][\/et_pb_image][et_pb_image src=\u00bbhttps:\/\/fortidelrourell.es\/wp-content\/uploads\/2022\/11\/FORTI-Decos-Tardor-64.jpg\u00bb alt=\u00bbrinco bar para boda forti del rourell\u00bb title_text=\u00bbrinco bar para boda forti del rourell\u00bb show_in_lightbox=\u00bbon\u00bb use_overlay=\u00bbon\u00bb overlay_icon_color=\u00bb#CAD8E5&#8243; hover_overlay_color=\u00bbrgba(255,255,255,0.2)\u00bb force_fullwidth=\u00bbon\u00bb align_tablet=\u00bbcenter\u00bb align_phone=\u00bb\u00bb align_last_edited=\u00bbon|desktop\u00bb _builder_version=\u00bb4.18.0&#8243; global_colors_info=\u00bb{}\u00bb][\/et_pb_image][et_pb_image src=\u00bbhttps:\/\/fortidelrourell.es\/wp-content\/uploads\/2023\/05\/LIFE-PM-Color-345-scaled.jpg\u00bb alt=\u00bbespacios \u00bb title_text=\u00bbLIFE &#8211; P&#038;M &#8211; Color-345&#8243; show_in_lightbox=\u00bbon\u00bb use_overlay=\u00bbon\u00bb overlay_icon_color=\u00bb#CAD8E5&#8243; hover_overlay_color=\u00bbrgba(255,255,255,0.2)\u00bb force_fullwidth=\u00bbon\u00bb align_tablet=\u00bbcenter\u00bb align_phone=\u00bb\u00bb align_last_edited=\u00bbon|desktop\u00bb _builder_version=\u00bb4.21.0&#8243; global_colors_info=\u00bb{}\u00bb][\/et_pb_image][et_pb_image src=\u00bbhttps:\/\/fortidelrourell.es\/wp-content\/uploads\/2023\/11\/FORTI-Spot-101-2.jpg\u00bb alt=\u00bbFort\u00ed Jard\u00ed Secret\u00bb title_text=\u00bbFort\u00ed Jard\u00ed Secret\u00bb show_in_lightbox=\u00bbon\u00bb use_overlay=\u00bbon\u00bb overlay_icon_color=\u00bb#CAD8E5&#8243; hover_overlay_color=\u00bbrgba(255,255,255,0.2)\u00bb force_fullwidth=\u00bbon\u00bb align_tablet=\u00bbcenter\u00bb align_phone=\u00bb\u00bb align_last_edited=\u00bbon|desktop\u00bb _builder_version=\u00bb4.23&#8243; global_colors_info=\u00bb{}\u00bb][\/et_pb_image][et_pb_image src=\u00bbhttps:\/\/fortidelrourell.es\/wp-content\/uploads\/2023\/11\/FORTI-43-2_11zon.jpg\u00bb alt=\u00bbceremonia de boda forti del rourell\u00bb title_text=\u00bbFORTI (43) (2)_11zon\u00bb show_in_lightbox=\u00bbon\u00bb use_overlay=\u00bbon\u00bb overlay_icon_color=\u00bb#CAD8E5&#8243; hover_overlay_color=\u00bbrgba(255,255,255,0.2)\u00bb force_fullwidth=\u00bbon\u00bb align_tablet=\u00bbcenter\u00bb align_phone=\u00bb\u00bb align_last_edited=\u00bbon|desktop\u00bb _builder_version=\u00bb4.23.1&#8243; global_colors_info=\u00bb{}\u00bb][\/et_pb_image][et_pb_image src=\u00bbhttps:\/\/fortidelrourell.es\/wp-content\/uploads\/2022\/05\/forti-rourell-espacio.jpeg\u00bb alt=\u00bbla cochera forti del rourell\u00bb title_text=\u00bbla cochera forti del rourell\u00bb show_in_lightbox=\u00bbon\u00bb use_overlay=\u00bbon\u00bb overlay_icon_color=\u00bb#CAD8E5&#8243; hover_overlay_color=\u00bbrgba(255,255,255,0.2)\u00bb force_fullwidth=\u00bbon\u00bb align_tablet=\u00bbcenter\u00bb align_phone=\u00bb\u00bb align_last_edited=\u00bbon|desktop\u00bb _builder_version=\u00bb4.16&#8243; global_colors_info=\u00bb{}\u00bb][\/et_pb_image][\/et_pb_column][et_pb_column type=\u00bb1_3&#8243; _builder_version=\u00bb4.16&#8243; custom_padding=\u00bb|||\u00bb global_colors_info=\u00bb{}\u00bb custom_padding__hover=\u00bb|||\u00bb][et_pb_image src=\u00bbhttps:\/\/fortidelrourell.es\/wp-content\/uploads\/2022\/05\/forti-fachada.jpeg\u00bb title_text=\u00bbforti-fachada\u00bb show_in_lightbox=\u00bbon\u00bb use_overlay=\u00bbon\u00bb overlay_icon_color=\u00bb#CAD8E5&#8243; hover_overlay_color=\u00bbrgba(255,255,255,0.2)\u00bb force_fullwidth=\u00bbon\u00bb align_tablet=\u00bbcenter\u00bb align_phone=\u00bb\u00bb align_last_edited=\u00bbon|desktop\u00bb _builder_version=\u00bb4.16&#8243; global_colors_info=\u00bb{}\u00bb][\/et_pb_image][et_pb_image src=\u00bbhttps:\/\/fortidelrourell.es\/wp-content\/uploads\/2022\/11\/FORTI-Decos-Tardor-46.jpg\u00bb alt=\u00bbrincon buffet forti del rourell\u00bb title_text=\u00bbrincon buffet forti del rourell\u00bb show_in_lightbox=\u00bbon\u00bb use_overlay=\u00bbon\u00bb overlay_icon_color=\u00bb#CAD8E5&#8243; hover_overlay_color=\u00bbrgba(255,255,255,0.2)\u00bb force_fullwidth=\u00bbon\u00bb align_tablet=\u00bbcenter\u00bb align_phone=\u00bb\u00bb align_last_edited=\u00bbon|desktop\u00bb _builder_version=\u00bb4.18.0&#8243; global_colors_info=\u00bb{}\u00bb][\/et_pb_image][et_pb_image src=\u00bbhttps:\/\/fortidelrourell.es\/wp-content\/uploads\/2023\/10\/FORTI-Spot-104.webp\u00bb alt=\u00bbbodas castillo medieval\u00bb title_text=\u00bbFORTI &#8211; Spot-104&#8243; show_in_lightbox=\u00bbon\u00bb use_overlay=\u00bbon\u00bb overlay_icon_color=\u00bb#CAD8E5&#8243; hover_overlay_color=\u00bbrgba(255,255,255,0.2)\u00bb force_fullwidth=\u00bbon\u00bb align_tablet=\u00bbcenter\u00bb align_phone=\u00bb\u00bb align_last_edited=\u00bbon|desktop\u00bb _builder_version=\u00bb4.23.1&#8243; global_colors_info=\u00bb{}\u00bb][\/et_pb_image][et_pb_image src=\u00bbhttps:\/\/fortidelrourell.es\/wp-content\/uploads\/2023\/11\/FORTI-ROURELL-9-1-scaled.jpg\u00bb alt=\u00bbmesas de aperitivo forti del rourell\u00bb title_text=\u00bbFORTI ROURELL (9) (1)\u00bb show_in_lightbox=\u00bbon\u00bb use_overlay=\u00bbon\u00bb overlay_icon_color=\u00bb#CAD8E5&#8243; hover_overlay_color=\u00bbrgba(255,255,255,0.2)\u00bb force_fullwidth=\u00bbon\u00bb align_tablet=\u00bbcenter\u00bb align_phone=\u00bb\u00bb align_last_edited=\u00bbon|desktop\u00bb _builder_version=\u00bb4.23.1&#8243; global_colors_info=\u00bb{}\u00bb][\/et_pb_image][et_pb_image src=\u00bbhttps:\/\/fortidelrourell.es\/wp-content\/uploads\/2022\/06\/IMG_5358-min.jpg\u00bb alt=\u00bbsal\u00f3n de banquetes | Fort\u00ed del Rourell\u00bb title_text=\u00bbdetalles de decoraci\u00f3n en el aperitivo forti del Rourell\u00bb show_in_lightbox=\u00bbon\u00bb use_overlay=\u00bbon\u00bb overlay_icon_color=\u00bb#CAD8E5&#8243; hover_overlay_color=\u00bbrgba(255,255,255,0.2)\u00bb force_fullwidth=\u00bbon\u00bb align_tablet=\u00bbcenter\u00bb align_phone=\u00bb\u00bb align_last_edited=\u00bbon|desktop\u00bb _builder_version=\u00bb4.23&#8243; global_colors_info=\u00bb{}\u00bb][\/et_pb_image][\/et_pb_column][et_pb_column type=\u00bb1_3&#8243; _builder_version=\u00bb4.16&#8243; custom_padding=\u00bb|||\u00bb global_colors_info=\u00bb{}\u00bb custom_padding__hover=\u00bb|||\u00bb][et_pb_image src=\u00bbhttps:\/\/fortidelrourell.es\/wp-content\/uploads\/2023\/08\/FORTI-Revelades-83.webp\u00bb alt=\u00bbsala principal forti eventos\u00bb title_text=\u00bbFORTI &#8211; Revelades-83&#8243; show_in_lightbox=\u00bbon\u00bb use_overlay=\u00bbon\u00bb overlay_icon_color=\u00bb#CAD8E5&#8243; hover_overlay_color=\u00bbrgba(255,255,255,0.2)\u00bb force_fullwidth=\u00bbon\u00bb align_tablet=\u00bbcenter\u00bb align_phone=\u00bb\u00bb align_last_edited=\u00bbon|desktop\u00bb _builder_version=\u00bb4.23.1&#8243; global_colors_info=\u00bb{}\u00bb][\/et_pb_image][et_pb_image src=\u00bbhttps:\/\/fortidelrourell.es\/wp-content\/uploads\/2023\/11\/FORTI-Spot-103-1.jpg\u00bb alt=\u00bbmesa de boda forti del rourell\u00bb title_text=\u00bbFORTI &#8211; Spot-103 (1)\u00bb show_in_lightbox=\u00bbon\u00bb use_overlay=\u00bbon\u00bb overlay_icon_color=\u00bb#CAD8E5&#8243; hover_overlay_color=\u00bbrgba(255,255,255,0.2)\u00bb force_fullwidth=\u00bbon\u00bb align_tablet=\u00bbcenter\u00bb align_phone=\u00bb\u00bb align_last_edited=\u00bbon|desktop\u00bb _builder_version=\u00bb4.23.1&#8243; custom_padding=\u00bb||0px|||\u00bb global_colors_info=\u00bb{}\u00bb][\/et_pb_image][et_pb_image src=\u00bbhttps:\/\/fortidelrourell.es\/wp-content\/uploads\/2023\/07\/foto-fachada-forti-rourell2-2.webp\u00bb alt=\u00bbun castillo con historia\u00bb title_text=\u00bbfoto-fachada-forti-rourell2 (2)\u00bb show_in_lightbox=\u00bbon\u00bb use_overlay=\u00bbon\u00bb overlay_icon_color=\u00bb#CAD8E5&#8243; hover_overlay_color=\u00bbrgba(255,255,255,0.2)\u00bb force_fullwidth=\u00bbon\u00bb align_tablet=\u00bbcenter\u00bb align_phone=\u00bb\u00bb align_last_edited=\u00bbon|desktop\u00bb _builder_version=\u00bb4.23.1&#8243; global_colors_info=\u00bb{}\u00bb][\/et_pb_image][et_pb_image src=\u00bbhttps:\/\/fortidelrourell.es\/wp-content\/uploads\/2020\/10\/foto-ceremonias2.jpg\u00bb alt=\u00bbdetalles floral4es ceremonia forti del rourell\u00bb title_text=\u00bbdetalles floral4es ceremonia forti del rourell\u00bb show_in_lightbox=\u00bbon\u00bb use_overlay=\u00bbon\u00bb overlay_icon_color=\u00bb#CAD8E5&#8243; hover_overlay_color=\u00bbrgba(255,255,255,0.2)\u00bb force_fullwidth=\u00bbon\u00bb align_tablet=\u00bbcenter\u00bb align_phone=\u00bb\u00bb align_last_edited=\u00bbon|desktop\u00bb _builder_version=\u00bb4.16&#8243; global_colors_info=\u00bb{}\u00bb][\/et_pb_image][et_pb_image src=\u00bbhttps:\/\/fortidelrourell.es\/wp-content\/uploads\/2023\/11\/FORTI-Spot-083-3-1_11zon.jpg\u00bb alt=\u00bbforti casament\u00bb title_text=\u00bbFORTI &#8211; Spot-083 (3) (1)_11zon\u00bb show_in_lightbox=\u00bbon\u00bb use_overlay=\u00bbon\u00bb overlay_icon_color=\u00bb#CAD8E5&#8243; hover_overlay_color=\u00bbrgba(255,255,255,0.2)\u00bb force_fullwidth=\u00bbon\u00bb align_tablet=\u00bbcenter\u00bb align_phone=\u00bb\u00bb align_last_edited=\u00bbon|desktop\u00bb _builder_version=\u00bb4.23.1&#8243; global_colors_info=\u00bb{}\u00bb][\/et_pb_image][\/et_pb_column][\/et_pb_row][\/et_pb_section][et_pb_section fb_built=\u00bb1&#8243; _builder_version=\u00bb4.24.2&#8243; _module_preset=\u00bbdefault\u00bb global_colors_info=\u00bb{}\u00bb][et_pb_row module_id=\u00bbtour-virtual\u00bb _builder_version=\u00bb4.27.4&#8243; _module_preset=\u00bbdefault\u00bb custom_margin=\u00bb|auto|-33px|auto||\u00bb hover_enabled=\u00bb0&#8243; locked=\u00bboff\u00bb global_colors_info=\u00bb{}\u00bb custom_padding_last_edited=\u00bbon|phone\u00bb custom_padding_phone=\u00bb0px||||false|false\u00bb sticky_enabled=\u00bb0&#8243;][et_pb_column type=\u00bb4_4&#8243; _builder_version=\u00bb4.16&#8243; _module_preset=\u00bbdefault\u00bb global_colors_info=\u00bb{}\u00bb][et_pb_text admin_label=\u00bbTitle\u00bb _builder_version=\u00bb4.27.4&#8243; text_font=\u00bbPT Sans|700|||||||\u00bb text_text_color=\u00bb#1e1e1e\u00bb text_font_size=\u00bb30px\u00bb text_line_height=\u00bb1.8em\u00bb header_font=\u00bb||||||||\u00bb header_3_font=\u00bbEB Garamond|600|||||||\u00bb header_3_font_size=\u00bb40px\u00bb header_3_line_height=\u00bb1.4em\u00bb custom_margin=\u00bb77px||14px||false|false\u00bb animation_style=\u00bbfade\u00bb animation_direction=\u00bbleft\u00bb animation_starting_opacity=\u00bb100%\u00bb hover_enabled=\u00bb0&#8243; global_colors_info=\u00bb{}\u00bb custom_margin_last_edited=\u00bbon|phone\u00bb custom_margin_phone=\u00bb0px||14px||false|false\u00bb sticky_enabled=\u00bb0&#8243; custom_margin_tablet=\u00bb77px||14px||false|false\u00bb]<\/p>\n<h3 style=\"text-align: center;\">Tour Virtual<\/h3>\n<p>[\/et_pb_text][\/et_pb_column][\/et_pb_row][et_pb_row column_structure=\u00bb1_2,1_2&#8243; _builder_version=\u00bb4.24.2&#8243; _module_preset=\u00bbdefault\u00bb width=\u00bb100%\u00bb max_width=\u00bb1400px\u00bb global_colors_info=\u00bb{}\u00bb][et_pb_column type=\u00bb1_2&#8243; _builder_version=\u00bb4.24.2&#8243; _module_preset=\u00bbdefault\u00bb global_colors_info=\u00bb{}\u00bb][et_pb_text _builder_version=\u00bb4.27.4&#8243; _module_preset=\u00bbdefault\u00bb header_4_font=\u00bbEB Garamond||||||||\u00bb header_4_font_size=\u00bb24px\u00bb custom_margin=\u00bb||10px||false|false\u00bb custom_padding=\u00bb||||false|false\u00bb hover_enabled=\u00bb0&#8243; global_colors_info=\u00bb{}\u00bb custom_padding_last_edited=\u00bbon|phone\u00bb custom_padding_phone=\u00bb|||25px|false|false\u00bb sticky_enabled=\u00bb0&#8243; custom_padding_tablet=\u00bb||||false|false\u00bb]<\/p>\n<h4>Sala Els Nen\u00fafars<\/h4>\n<p>[\/et_pb_text][et_pb_code _builder_version=\u00bb4.24.2&#8243; _module_preset=\u00bbdefault\u00bb global_colors_info=\u00bb{}\u00bb]<iframe src=\"https:\/\/www.google.com\/maps\/embed?pb=!4v1708532822509!6m8!1m7!1sCAoSLEFGMVFpcE5fdDRmSExuTllHelJnTkRkNEVWc194YnlSU1NVZjlYS0xDNEJp!2m2!1d41.223313996974!2d1.2189534529714!3f158.47240211397204!4f-2.6954320436995403!5f0.7820865974627469\" width=\"600\" height=\"450\" style=\"border:0;\" allowfullscreen=\"\" loading=\"lazy\" referrerpolicy=\"no-referrer-when-downgrade\"><\/iframe>[\/et_pb_code][\/et_pb_column][et_pb_column type=\u00bb1_2&#8243; _builder_version=\u00bb4.24.2&#8243; _module_preset=\u00bbdefault\u00bb global_colors_info=\u00bb{}\u00bb][et_pb_text _builder_version=\u00bb4.27.4&#8243; _module_preset=\u00bbdefault\u00bb header_4_font=\u00bbEB Garamond||||||||\u00bb header_4_font_size=\u00bb24px\u00bb custom_margin=\u00bb||10px||false|false\u00bb custom_padding=\u00bb||||false|false\u00bb hover_enabled=\u00bb0&#8243; locked=\u00bboff\u00bb global_colors_info=\u00bb{}\u00bb custom_padding_last_edited=\u00bbon|phone\u00bb custom_padding_phone=\u00bb|||25px|false|false\u00bb sticky_enabled=\u00bb0&#8243; custom_padding_tablet=\u00bb||||false|false\u00bb]<\/p>\n<h4>Pla\u00e7a<\/h4>\n<p>[\/et_pb_text][et_pb_code _builder_version=\u00bb4.24.2&#8243; _module_preset=\u00bbdefault\u00bb global_colors_info=\u00bb{}\u00bb]<iframe src=\"https:\/\/www.google.com\/maps\/embed?pb=!4v1708532874231!6m8!1m7!1sCAoSLEFGMVFpcFB6TnVNZEFQMkE2UTZJTUVINzZ2SUx1SnRTak9wckd6RTdUSW03!2m2!1d41.223390045873!2d1.2189545730768!3f344.33201117024663!4f6.107889487079305!5f0.7820865974627469\" width=\"600\" height=\"450\" style=\"border:0;\" allowfullscreen=\"\" loading=\"lazy\" referrerpolicy=\"no-referrer-when-downgrade\"><\/iframe>[\/et_pb_code][\/et_pb_column][\/et_pb_row][et_pb_row column_structure=\u00bb1_2,1_2&#8243; _builder_version=\u00bb4.24.2&#8243; _module_preset=\u00bbdefault\u00bb width=\u00bb100%\u00bb max_width=\u00bb1400px\u00bb global_colors_info=\u00bb{}\u00bb][et_pb_column type=\u00bb1_2&#8243; _builder_version=\u00bb4.24.2&#8243; _module_preset=\u00bbdefault\u00bb global_colors_info=\u00bb{}\u00bb][et_pb_text _builder_version=\u00bb4.27.4&#8243; _module_preset=\u00bbdefault\u00bb header_4_font=\u00bbEB Garamond||||||||\u00bb header_4_font_size=\u00bb24px\u00bb custom_margin=\u00bb||10px||false|false\u00bb custom_padding=\u00bb||||false|false\u00bb hover_enabled=\u00bb0&#8243; global_colors_info=\u00bb{}\u00bb custom_padding_last_edited=\u00bbon|phone\u00bb custom_padding_phone=\u00bb|||25px|false|false\u00bb sticky_enabled=\u00bb0&#8243; custom_padding_tablet=\u00bb||||false|false\u00bb]<\/p>\n<h4>Jard\u00ed secret<\/h4>\n<p>[\/et_pb_text][et_pb_code _builder_version=\u00bb4.24.2&#8243; _module_preset=\u00bbdefault\u00bb global_colors_info=\u00bb{}\u00bb]<iframe src=\"https:\/\/www.google.com\/maps\/embed?pb=!4v1708532949638!6m8!1m7!1sCAoSLEFGMVFpcE5nb2lRUmU3UWhLVmM0VGh5V3lFUm12QzZiWXV2TVFDXzhIU2hu!2m2!1d41.223504110643!2d1.2189614957656!3f13.282509478384124!4f-0.3808427139985042!5f0.7820865974627469\" width=\"600\" height=\"450\" style=\"border:0;\" allowfullscreen=\"\" loading=\"lazy\" referrerpolicy=\"no-referrer-when-downgrade\"><\/iframe>[\/et_pb_code][\/et_pb_column][et_pb_column type=\u00bb1_2&#8243; _builder_version=\u00bb4.24.2&#8243; _module_preset=\u00bbdefault\u00bb global_colors_info=\u00bb{}\u00bb][et_pb_text _builder_version=\u00bb4.27.4&#8243; _module_preset=\u00bbdefault\u00bb header_4_font=\u00bbEB Garamond||||||||\u00bb header_4_font_size=\u00bb24px\u00bb custom_margin=\u00bb||10px||false|false\u00bb custom_padding=\u00bb||||false|false\u00bb hover_enabled=\u00bb0&#8243; locked=\u00bboff\u00bb global_colors_info=\u00bb{}\u00bb custom_padding_last_edited=\u00bbon|phone\u00bb custom_padding_phone=\u00bb|||25px|false|false\u00bb sticky_enabled=\u00bb0&#8243; custom_padding_tablet=\u00bb||||false|false\u00bb]<\/p>\n<h4>Entrada i sala de les bombetes<\/h4>\n<p>[\/et_pb_text][et_pb_code _builder_version=\u00bb4.24.2&#8243; _module_preset=\u00bbdefault\u00bb global_colors_info=\u00bb{}\u00bb]<iframe src=\"https:\/\/www.google.com\/maps\/embed?pb=!4v1708533019062!6m8!1m7!1sCAoSLEFGMVFpcE5Xbkd4TDE3ZGdZTEcxTWw4aEFlVUVtdERRSmxrN2Via1NYRFhE!2m2!1d41.223430516049!2d1.2189045968414!3f335.2260465254015!4f-1.497296832712948!5f0.7820865974627469\" width=\"600\" height=\"450\" style=\"border:0;\" allowfullscreen=\"\" loading=\"lazy\" referrerpolicy=\"no-referrer-when-downgrade\"><\/iframe>[\/et_pb_code][\/et_pb_column][\/et_pb_row][et_pb_row column_structure=\u00bb1_2,1_2&#8243; _builder_version=\u00bb4.24.2&#8243; _module_preset=\u00bbdefault\u00bb width=\u00bb100%\u00bb max_width=\u00bb1400px\u00bb global_colors_info=\u00bb{}\u00bb][et_pb_column type=\u00bb1_2&#8243; _builder_version=\u00bb4.24.2&#8243; _module_preset=\u00bbdefault\u00bb global_colors_info=\u00bb{}\u00bb][et_pb_text _builder_version=\u00bb4.27.4&#8243; _module_preset=\u00bbdefault\u00bb header_4_font=\u00bbEB Garamond||||||||\u00bb header_4_font_size=\u00bb24px\u00bb custom_margin=\u00bb||10px||false|false\u00bb custom_padding=\u00bb||||false|false\u00bb hover_enabled=\u00bb0&#8243; global_colors_info=\u00bb{}\u00bb custom_padding_last_edited=\u00bbon|phone\u00bb custom_padding_phone=\u00bb|||25px|false|false\u00bb sticky_enabled=\u00bb0&#8243; custom_padding_tablet=\u00bb||||false|false\u00bb]<\/p>\n<h4>Pati d&#8217;armes<\/h4>\n<p>[\/et_pb_text][et_pb_code _builder_version=\u00bb4.24.2&#8243; _module_preset=\u00bbdefault\u00bb global_colors_info=\u00bb{}\u00bb]<iframe src=\"https:\/\/www.google.com\/maps\/embed?pb=!4v1708533019062!6m8!1m7!1sCAoSLEFGMVFpcE5Xbkd4TDE3ZGdZTEcxTWw4aEFlVUVtdERRSmxrN2Via1NYRFhE!2m2!1d41.223430516049!2d1.2189045968414!3f335.2260465254015!4f-1.497296832712948!5f0.7820865974627469\" width=\"600\" height=\"450\" style=\"border:0;\" allowfullscreen=\"\" loading=\"lazy\" referrerpolicy=\"no-referrer-when-downgrade\"><\/iframe>[\/et_pb_code][\/et_pb_column][et_pb_column type=\u00bb1_2&#8243; _builder_version=\u00bb4.24.2&#8243; _module_preset=\u00bbdefault\u00bb global_colors_info=\u00bb{}\u00bb][\/et_pb_column][\/et_pb_row][\/et_pb_section]<\/p>\n","protected":false},"excerpt":{"rendered":"<p>Fort\u00ed del Rourell: tots els espais del castellUn castell templari amb 700 anys d&#8217;hist\u00f2ria, on tots els racons i els espais del Fort\u00ed del Rourell amaguen m\u00e0gia. El Fort\u00ed\u00a0compta amb nombrosos espais que seran el tel\u00f3 de fons ideal per a una perfecta vetllada, des dels senyorials interiors del castell que conserven l&#8217;arquitectura original, fins [&hellip;]<\/p>\n","protected":false},"author":114,"featured_media":13486,"parent":0,"menu_order":0,"comment_status":"closed","ping_status":"closed","template":"","meta":{"_et_pb_use_builder":"on","_et_pb_old_content":"","_et_gb_content_width":"","footnotes":""},"class_list":["post-13669","page","type-page","status-publish","has-post-thumbnail","hentry"],"yoast_head":"<!-- This site is optimized with the Yoast SEO plugin v28.2 - https:\/\/yoast.com\/product\/yoast-seo-wordpress\/ -->\n<title>Els espais del Fort\u00ed del Rourell | Fort\u00ed del Rourell<\/title>\n<meta name=\"description\" content=\"Descobreix tots els espais del Fort\u00ed del Rourell. Un munt de racons per celebrar un casament en un fort\u00ed templari del segle XII.\" \/>\n<meta name=\"robots\" content=\"index, follow, max-snippet:-1, max-image-preview:large, max-video-preview:-1\" \/>\n<link rel=\"canonical\" href=\"https:\/\/fortidelrourell.es\/ca\/espais-bodes-castell-forti-rourell\/\" \/>\n<meta property=\"og:locale\" content=\"ca_ES\" \/>\n<meta property=\"og:type\" content=\"article\" \/>\n<meta property=\"og:title\" content=\"Els espais del Fort\u00ed del Rourell | Fort\u00ed del Rourell\" \/>\n<meta property=\"og:description\" content=\"Descobreix tots els espais del Fort\u00ed del Rourell. Un munt de racons per celebrar un casament en un fort\u00ed templari del segle XII.\" \/>\n<meta property=\"og:url\" content=\"https:\/\/fortidelrourell.es\/ca\/espais-bodes-castell-forti-rourell\/\" \/>\n<meta property=\"og:site_name\" content=\"Forti del Rourell\" \/>\n<meta property=\"article:modified_time\" content=\"2024-12-19T03:27:14+00:00\" \/>\n<meta property=\"og:image\" content=\"https:\/\/fortidelrourell.es\/wp-content\/uploads\/2022\/05\/forti-rourell-drone.jpeg\" \/>\n\t<meta property=\"og:image:width\" content=\"1600\" \/>\n\t<meta property=\"og:image:height\" content=\"900\" \/>\n\t<meta property=\"og:image:type\" content=\"image\/jpeg\" \/>\n<meta name=\"twitter:card\" content=\"summary_large_image\" \/>\n<meta name=\"twitter:label1\" content=\"Temps estimat de lectura\" \/>\n\t<meta name=\"twitter:data1\" content=\"4 minuts\" \/>\n<script type=\"application\/ld+json\" class=\"yoast-schema-graph\">{\"@context\":\"https:\\\/\\\/schema.org\",\"@graph\":[{\"@type\":\"WebPage\",\"@id\":\"https:\\\/\\\/fortidelrourell.es\\\/ca\\\/espais-bodes-castell-forti-rourell\\\/\",\"url\":\"https:\\\/\\\/fortidelrourell.es\\\/ca\\\/espais-bodes-castell-forti-rourell\\\/\",\"name\":\"Els espais del Fort\u00ed del Rourell | Fort\u00ed del Rourell\",\"isPartOf\":{\"@id\":\"https:\\\/\\\/fortidelrourell.es\\\/ca\\\/#website\"},\"primaryImageOfPage\":{\"@id\":\"https:\\\/\\\/fortidelrourell.es\\\/ca\\\/espais-bodes-castell-forti-rourell\\\/#primaryimage\"},\"image\":{\"@id\":\"https:\\\/\\\/fortidelrourell.es\\\/ca\\\/espais-bodes-castell-forti-rourell\\\/#primaryimage\"},\"thumbnailUrl\":\"https:\\\/\\\/fortidelrourell.es\\\/wp-content\\\/uploads\\\/2022\\\/05\\\/forti-rourell-drone.jpeg\",\"datePublished\":\"2022-05-30T13:47:16+00:00\",\"dateModified\":\"2024-12-19T03:27:14+00:00\",\"description\":\"Descobreix tots els espais del Fort\u00ed del Rourell. Un munt de racons per celebrar un casament en un fort\u00ed templari del segle XII.\",\"breadcrumb\":{\"@id\":\"https:\\\/\\\/fortidelrourell.es\\\/ca\\\/espais-bodes-castell-forti-rourell\\\/#breadcrumb\"},\"inLanguage\":\"ca\",\"potentialAction\":[{\"@type\":\"ReadAction\",\"target\":[\"https:\\\/\\\/fortidelrourell.es\\\/ca\\\/espais-bodes-castell-forti-rourell\\\/\"]}]},{\"@type\":\"ImageObject\",\"inLanguage\":\"ca\",\"@id\":\"https:\\\/\\\/fortidelrourell.es\\\/ca\\\/espais-bodes-castell-forti-rourell\\\/#primaryimage\",\"url\":\"https:\\\/\\\/fortidelrourell.es\\\/wp-content\\\/uploads\\\/2022\\\/05\\\/forti-rourell-drone.jpeg\",\"contentUrl\":\"https:\\\/\\\/fortidelrourell.es\\\/wp-content\\\/uploads\\\/2022\\\/05\\\/forti-rourell-drone.jpeg\",\"width\":1600,\"height\":900},{\"@type\":\"BreadcrumbList\",\"@id\":\"https:\\\/\\\/fortidelrourell.es\\\/ca\\\/espais-bodes-castell-forti-rourell\\\/#breadcrumb\",\"itemListElement\":[{\"@type\":\"ListItem\",\"position\":1,\"name\":\"Portada\",\"item\":\"https:\\\/\\\/fortidelrourell.es\\\/ca\\\/\"},{\"@type\":\"ListItem\",\"position\":2,\"name\":\"Els espais del Fort\u00ed del Rourell\"}]},{\"@type\":\"WebSite\",\"@id\":\"https:\\\/\\\/fortidelrourell.es\\\/ca\\\/#website\",\"url\":\"https:\\\/\\\/fortidelrourell.es\\\/ca\\\/\",\"name\":\"Forti del Rourell\",\"description\":\"Una experiencia \u00fanica en un entorno privilegiado.\",\"potentialAction\":[{\"@type\":\"SearchAction\",\"target\":{\"@type\":\"EntryPoint\",\"urlTemplate\":\"https:\\\/\\\/fortidelrourell.es\\\/ca\\\/?s={search_term_string}\"},\"query-input\":{\"@type\":\"PropertyValueSpecification\",\"valueRequired\":true,\"valueName\":\"search_term_string\"}}],\"inLanguage\":\"ca\"}]}<\/script>\n<!-- \/ Yoast SEO plugin. -->","yoast_head_json":{"title":"Els espais del Fort\u00ed del Rourell | Fort\u00ed del Rourell","description":"Descobreix tots els espais del Fort\u00ed del Rourell. Un munt de racons per celebrar un casament en un fort\u00ed templari del segle XII.","robots":{"index":"index","follow":"follow","max-snippet":"max-snippet:-1","max-image-preview":"max-image-preview:large","max-video-preview":"max-video-preview:-1"},"canonical":"https:\/\/fortidelrourell.es\/ca\/espais-bodes-castell-forti-rourell\/","og_locale":"ca_ES","og_type":"article","og_title":"Els espais del Fort\u00ed del Rourell | Fort\u00ed del Rourell","og_description":"Descobreix tots els espais del Fort\u00ed del Rourell. Un munt de racons per celebrar un casament en un fort\u00ed templari del segle XII.","og_url":"https:\/\/fortidelrourell.es\/ca\/espais-bodes-castell-forti-rourell\/","og_site_name":"Forti del Rourell","article_modified_time":"2024-12-19T03:27:14+00:00","og_image":[{"width":1600,"height":900,"url":"https:\/\/fortidelrourell.es\/wp-content\/uploads\/2022\/05\/forti-rourell-drone.jpeg","type":"image\/jpeg"}],"twitter_card":"summary_large_image","twitter_misc":{"Temps estimat de lectura":"4 minuts"},"schema":{"@context":"https:\/\/schema.org","@graph":[{"@type":"WebPage","@id":"https:\/\/fortidelrourell.es\/ca\/espais-bodes-castell-forti-rourell\/","url":"https:\/\/fortidelrourell.es\/ca\/espais-bodes-castell-forti-rourell\/","name":"Els espais del Fort\u00ed del Rourell | Fort\u00ed del Rourell","isPartOf":{"@id":"https:\/\/fortidelrourell.es\/ca\/#website"},"primaryImageOfPage":{"@id":"https:\/\/fortidelrourell.es\/ca\/espais-bodes-castell-forti-rourell\/#primaryimage"},"image":{"@id":"https:\/\/fortidelrourell.es\/ca\/espais-bodes-castell-forti-rourell\/#primaryimage"},"thumbnailUrl":"https:\/\/fortidelrourell.es\/wp-content\/uploads\/2022\/05\/forti-rourell-drone.jpeg","datePublished":"2022-05-30T13:47:16+00:00","dateModified":"2024-12-19T03:27:14+00:00","description":"Descobreix tots els espais del Fort\u00ed del Rourell. Un munt de racons per celebrar un casament en un fort\u00ed templari del segle XII.","breadcrumb":{"@id":"https:\/\/fortidelrourell.es\/ca\/espais-bodes-castell-forti-rourell\/#breadcrumb"},"inLanguage":"ca","potentialAction":[{"@type":"ReadAction","target":["https:\/\/fortidelrourell.es\/ca\/espais-bodes-castell-forti-rourell\/"]}]},{"@type":"ImageObject","inLanguage":"ca","@id":"https:\/\/fortidelrourell.es\/ca\/espais-bodes-castell-forti-rourell\/#primaryimage","url":"https:\/\/fortidelrourell.es\/wp-content\/uploads\/2022\/05\/forti-rourell-drone.jpeg","contentUrl":"https:\/\/fortidelrourell.es\/wp-content\/uploads\/2022\/05\/forti-rourell-drone.jpeg","width":1600,"height":900},{"@type":"BreadcrumbList","@id":"https:\/\/fortidelrourell.es\/ca\/espais-bodes-castell-forti-rourell\/#breadcrumb","itemListElement":[{"@type":"ListItem","position":1,"name":"Portada","item":"https:\/\/fortidelrourell.es\/ca\/"},{"@type":"ListItem","position":2,"name":"Els espais del Fort\u00ed del Rourell"}]},{"@type":"WebSite","@id":"https:\/\/fortidelrourell.es\/ca\/#website","url":"https:\/\/fortidelrourell.es\/ca\/","name":"Forti del Rourell","description":"Una experiencia \u00fanica en un entorno privilegiado.","potentialAction":[{"@type":"SearchAction","target":{"@type":"EntryPoint","urlTemplate":"https:\/\/fortidelrourell.es\/ca\/?s={search_term_string}"},"query-input":{"@type":"PropertyValueSpecification","valueRequired":true,"valueName":"search_term_string"}}],"inLanguage":"ca"}]}},"_links":{"self":[{"href":"https:\/\/fortidelrourell.es\/ca\/wp-json\/wp\/v2\/pages\/13669","targetHints":{"allow":["GET"]}}],"collection":[{"href":"https:\/\/fortidelrourell.es\/ca\/wp-json\/wp\/v2\/pages"}],"about":[{"href":"https:\/\/fortidelrourell.es\/ca\/wp-json\/wp\/v2\/types\/page"}],"author":[{"embeddable":true,"href":"https:\/\/fortidelrourell.es\/ca\/wp-json\/wp\/v2\/users\/114"}],"replies":[{"embeddable":true,"href":"https:\/\/fortidelrourell.es\/ca\/wp-json\/wp\/v2\/comments?post=13669"}],"version-history":[{"count":0,"href":"https:\/\/fortidelrourell.es\/ca\/wp-json\/wp\/v2\/pages\/13669\/revisions"}],"wp:featuredmedia":[{"embeddable":true,"href":"https:\/\/fortidelrourell.es\/ca\/wp-json\/wp\/v2\/media\/13486"}],"wp:attachment":[{"href":"https:\/\/fortidelrourell.es\/ca\/wp-json\/wp\/v2\/media?parent=13669"}],"curies":[{"name":"wp","href":"https:\/\/api.w.org\/{rel}","templated":true}]}}