{"id":13630,"date":"2022-01-04T11:19:17","date_gmt":"2022-01-04T11:19:17","guid":{"rendered":"https:\/\/fortidelrourell.es\/home\/"},"modified":"2025-01-27T15:13:18","modified_gmt":"2025-01-27T15:13:18","slug":"home","status":"publish","type":"page","link":"https:\/\/fortidelrourell.es\/ca\/","title":{"rendered":"Home"},"content":{"rendered":"<p>[et_pb_section fb_built=\u00bb1&#8243; disabled_on=\u00bbon|on|on\u00bb admin_label=\u00bbHome Banner Desktop\u00bb _builder_version=\u00bb4.16&#8243; _module_preset=\u00bbdefault\u00bb custom_margin=\u00bb0px||0px||false|false\u00bb custom_padding=\u00bb0px||0px||false|false\u00bb disabled=\u00bbon\u00bb global_colors_info=\u00bb{}\u00bb][et_pb_row column_structure=\u00bb1_3,1_3,1_3&#8243; use_custom_gutter=\u00bbon\u00bb gutter_width=\u00bb1&#8243; make_equal=\u00bbon\u00bb _builder_version=\u00bb4.16&#8243; _module_preset=\u00bbdefault\u00bb width=\u00bb100%\u00bb max_width=\u00bb100%\u00bb custom_margin=\u00bb0px||||false|false\u00bb custom_padding=\u00bb0px||||false|false\u00bb custom_css_main_element=\u00bbheight: calc(100vh &#8211; 80px)\u00bb global_colors_info=\u00bb{}\u00bb][et_pb_column type=\u00bb1_3&#8243; _builder_version=\u00bb4.16&#8243; _module_preset=\u00bbdefault\u00bb global_colors_info=\u00bb{}\u00bb][et_pb_text _builder_version=\u00bb4.16&#8243; _module_preset=\u00bbdefault\u00bb text_font=\u00bbPT Sans||||||||\u00bb text_text_color=\u00bb#FFFFFF\u00bb text_font_size=\u00bb22px\u00bb header_2_font=\u00bbPT Sans|700||on|||||\u00bb header_2_text_color=\u00bb#FFFFFF\u00bb header_2_font_size=\u00bb39px\u00bb header_2_letter_spacing=\u00bb7px\u00bb use_background_color_gradient=\u00bbon\u00bb background_color_gradient_stops=\u00bbrgba(12,0,0,0.25) 0%|rgba(0,0,0,0) 100%\u00bb background_color_gradient_overlays_image=\u00bbon\u00bb background_color_gradient_start=\u00bbrgba(12,0,0,0.25)\u00bb background_color_gradient_end=\u00bbrgba(0,0,0,0)\u00bb background_image=\u00bbhttps:\/\/fortidelrourell.es\/wp-content\/uploads\/2017\/10\/29Kepa_Fuentes_Fotografia_POSTBD_CristinaEloy.jpg\u00bb text_orientation=\u00bbcenter\u00bb custom_padding=\u00bb|20px||20px|false|false\u00bb hover_transition_duration=\u00bb900ms\u00bb link_option_url=\u00bb\/eventos\u00bb custom_css_main_element=\u00bbheight: calc(100vh &#8211; 80px);||display: flex;||flex-direction: column;||justify-content: center;\u00bb header_2_text_shadow_style=\u00bbpreset1&#8243; global_colors_info=\u00bb{}\u00bb transform_styles__hover_enabled=\u00bbon|hover\u00bb transform_scale__hover_enabled=\u00bbon|hover\u00bb transform_translate__hover_enabled=\u00bbon|desktop\u00bb transform_rotate__hover_enabled=\u00bbon|desktop\u00bb transform_skew__hover_enabled=\u00bbon|desktop\u00bb transform_origin__hover_enabled=\u00bbon|desktop\u00bb transform_scale__hover=\u00bb104%|104%\u00bb background__hover_enabled=\u00bbon|hover\u00bb background_color_gradient_end__hover=\u00bbrgba(0,0,0,0)\u00bb use_background_color_gradient__hover=\u00bbon\u00bb background_color_gradient_start__hover=\u00bbrgba(175,159,131,0.6)\u00bb background_color_gradient_overlays_image__hover=\u00bbon\u00bb background_color_gradient_stops__hover=\u00bbrgba(175,159,131,0.6) 0%|rgba(0,0,0,0) 100%\u00bb]<\/p>\n<h2>Bodas<\/h2>\n<p>Celebra tu boda en un entorno de cuento de hadas.\u00a0 Todos los detalles para un d\u00eda inolvidable.<\/p>\n<p>[\/et_pb_text][\/et_pb_column][et_pb_column type=\u00bb1_3&#8243; _builder_version=\u00bb4.16&#8243; _module_preset=\u00bbdefault\u00bb global_colors_info=\u00bb{}\u00bb][et_pb_text _builder_version=\u00bb4.16&#8243; _module_preset=\u00bbdefault\u00bb text_font=\u00bbPT Sans||||||||\u00bb text_text_color=\u00bb#FFFFFF\u00bb text_font_size=\u00bb22px\u00bb header_2_font=\u00bbPT Sans|700||on|||||\u00bb header_2_text_color=\u00bb#FFFFFF\u00bb header_2_font_size=\u00bb39px\u00bb header_2_letter_spacing=\u00bb7px\u00bb use_background_color_gradient=\u00bbon\u00bb background_color_gradient_stops=\u00bbrgba(12,0,0,0.16) 0%|rgba(0,0,0,0) 100%\u00bb background_color_gradient_overlays_image=\u00bbon\u00bb background_color_gradient_start=\u00bbrgba(12,0,0,0.16)\u00bb background_color_gradient_end=\u00bbrgba(0,0,0,0)\u00bb background_image=\u00bbhttps:\/\/fortidelrourell.es\/wp-content\/uploads\/2018\/03\/Forti\u0301_Rourell_bodas-10ok.jpg\u00bb text_orientation=\u00bbcenter\u00bb custom_padding=\u00bb|20px||20px|false|false\u00bb hover_transition_duration=\u00bb900ms\u00bb link_option_url=\u00bb\/proximamente\u00bb custom_css_main_element=\u00bbheight: calc(100vh &#8211; 80px);||display: flex;||flex-direction: column;||justify-content: center;\u00bb header_2_text_shadow_style=\u00bbpreset1&#8243; global_colors_info=\u00bb{}\u00bb transform_styles__hover_enabled=\u00bbon|hover\u00bb background_color_gradient_end__hover=\u00bbrgba(0,0,0,0)\u00bb use_background_color_gradient__hover=\u00bbon\u00bb background_color_gradient_start__hover=\u00bbrgba(175,159,131,0.6)\u00bb background_color_gradient_overlays_image__hover=\u00bbon\u00bb background__hover_enabled=\u00bbon|hover\u00bb transform_scale__hover=\u00bb104%|104%\u00bb transform_scale__hover_enabled=\u00bbon|hover\u00bb transform_translate__hover_enabled=\u00bbon|desktop\u00bb transform_rotate__hover_enabled=\u00bbon|desktop\u00bb transform_skew__hover_enabled=\u00bbon|desktop\u00bb transform_origin__hover_enabled=\u00bbon|desktop\u00bb background_color_gradient_stops__hover=\u00bbrgba(175,159,131,0.6) 0%|rgba(0,0,0,0) 100%\u00bb]<\/p>\n<h2>Otros eventos<\/h2>\n<p>Cena de empresa, un bautizo o una gran celebraci\u00f3n. Inf\u00f3rmate para conocer nuestras opciones y men\u00fas.<\/p>\n<p>[\/et_pb_text][\/et_pb_column][et_pb_column type=\u00bb1_3&#8243; _builder_version=\u00bb4.16&#8243; _module_preset=\u00bbdefault\u00bb global_colors_info=\u00bb{}\u00bb][et_pb_text _builder_version=\u00bb4.16&#8243; _module_preset=\u00bbdefault\u00bb text_font=\u00bbPT Sans||||||||\u00bb text_text_color=\u00bb#FFFFFF\u00bb text_font_size=\u00bb22px\u00bb header_2_font=\u00bbPT Sans|700||on|||||\u00bb header_2_text_color=\u00bb#FFFFFF\u00bb header_2_font_size=\u00bb39px\u00bb header_2_letter_spacing=\u00bb7px\u00bb use_background_color_gradient=\u00bbon\u00bb background_color_gradient_stops=\u00bbrgba(12,0,0,0.2) 0%|rgba(0,0,0,0) 100%\u00bb background_color_gradient_overlays_image=\u00bbon\u00bb background_color_gradient_start=\u00bbrgba(12,0,0,0.2)\u00bb background_color_gradient_end=\u00bbrgba(0,0,0,0)\u00bb background_image=\u00bbhttps:\/\/fortidelrourell.es\/wp-content\/uploads\/2022\/01\/calc\u0327otada.jpg\u00bb text_orientation=\u00bbcenter\u00bb custom_padding=\u00bb|20px||20px|false|false\u00bb hover_transition_duration=\u00bb900ms\u00bb link_option_url=\u00bb\/calcotadas\u00bb custom_css_main_element=\u00bbheight: calc(100vh &#8211; 80px);||display: flex;||flex-direction: column;||justify-content: center;\u00bb header_2_text_shadow_style=\u00bbpreset1&#8243; global_colors_info=\u00bb{}\u00bb transform_styles__hover_enabled=\u00bbon|hover\u00bb background_color_gradient_end__hover=\u00bbrgba(0,0,0,0)\u00bb use_background_color_gradient__hover=\u00bbon\u00bb background_color_gradient_start__hover=\u00bbrgba(175,159,131,0.6)\u00bb background_color_gradient_overlays_image__hover=\u00bbon\u00bb background__hover_enabled=\u00bbon|hover\u00bb transform_scale__hover=\u00bb104%|104%\u00bb transform_scale__hover_enabled=\u00bbon|hover\u00bb transform_translate__hover_enabled=\u00bbon|desktop\u00bb transform_rotate__hover_enabled=\u00bbon|desktop\u00bb transform_skew__hover_enabled=\u00bbon|desktop\u00bb transform_origin__hover_enabled=\u00bbon|desktop\u00bb background_color_gradient_stops__hover=\u00bbrgba(175,159,131,0.6) 0%|rgba(0,0,0,0) 100%\u00bb]<\/p>\n<h2>CAL\u00c7OTADAS<\/h2>\n<p>Disfruta de lo mejor de la aut\u00e9ntica cal\u00e7otada en el entorno incomparable de un castillo medieval<\/p>\n<p>[\/et_pb_text][\/et_pb_column][\/et_pb_row][\/et_pb_section][et_pb_section fb_built=\u00bb1&#8243; make_equal=\u00bbon\u00bb use_custom_gutter=\u00bbon\u00bb gutter_width=\u00bb2&#8243; specialty=\u00bbon\u00bb padding_top_1=\u00bb0px\u00bb padding_top_3=\u00bb0px\u00bb padding_bottom_1=\u00bb0px\u00bb padding_bottom_3=\u00bb0px\u00bb padding_top_bottom_link_1=\u00bbfalse\u00bb padding_top_bottom_link_2=\u00bbfalse\u00bb padding_top_bottom_link_3=\u00bbfalse\u00bb padding_left_right_link_1=\u00bbfalse\u00bb padding_left_right_link_2=\u00bbfalse\u00bb padding_left_right_link_3=\u00bbfalse\u00bb disabled_on=\u00bbon|on|off\u00bb _builder_version=\u00bb4.16&#8243; _module_preset=\u00bbdefault\u00bb inner_width=\u00bb100%\u00bb inner_max_width=\u00bb100%\u00bb custom_margin=\u00bb||||false|false\u00bb custom_padding=\u00bb0px||0px||false|false\u00bb animation_style=\u00bbfade\u00bb global_colors_info=\u00bb{}\u00bb][et_pb_column type=\u00bb1_4&#8243; _builder_version=\u00bb4.16&#8243; custom_padding=\u00bb|||\u00bb global_colors_info=\u00bb{}\u00bb custom_padding__hover=\u00bb|||\u00bb][et_pb_text _builder_version=\u00bb4.20.4&#8243; _module_preset=\u00bbdefault\u00bb text_font=\u00bbHelvetica Neue Condensed|300|||||||\u00bb text_text_color=\u00bb#FFFFFF\u00bb text_font_size=\u00bb20px\u00bb header_font=\u00bbEB Garamond|900|||||||\u00bb header_text_color=\u00bb#FFFFFF\u00bb header_font_size=\u00bb44px\u00bb background_color=\u00bb#ACBAC4&#8243; width=\u00bb111%\u00bb height=\u00bb100%\u00bb max_height=\u00bb100%\u00bb custom_margin=\u00bb|-40px||||\u00bb custom_padding=\u00bb40px|40px|40px|40px|false|false\u00bb custom_css_main_element=\u00bbdisplay: flex;||flex-direction: column;||justify-content: center;\u00bb global_colors_info=\u00bb{}\u00bb]<\/p>\n<h1>El Fort\u00ed del Rourell<\/h1>\n<p>&nbsp;<\/p>\n<p>El Fort\u00ed del Rourell \u00e9s un fort\u00ed medieval del segle XII, habilitat ara com a espai per a celebracions i esdeveniments gastron\u00f2mics. Ja sigui per a celebrar unes noces de conte o un sopar d&#8217;empresa, el Fort\u00ed \u00e9s un entorn que far\u00e0 que el teu esdeveniment llueixi perfecte. Durant la temporada de cal\u00e7otades, de gener a mar\u00e7, en el Fort\u00ed realitzem tamb\u00e9 la celebraci\u00f3 de cal\u00e7otades.<\/p>\n<p>[\/et_pb_text][\/et_pb_column][et_pb_column type=\u00bb3_4&#8243; specialty_columns=\u00bb3&#8243; _builder_version=\u00bb4.16&#8243; custom_padding=\u00bb|||\u00bb global_colors_info=\u00bb{}\u00bb custom_padding__hover=\u00bb|||\u00bb][et_pb_row_inner _builder_version=\u00bb4.16&#8243; _module_preset=\u00bbdefault\u00bb custom_margin=\u00bb0px||0px||false|false\u00bb custom_padding=\u00bb0px||0px||false|false\u00bb global_colors_info=\u00bb{}\u00bb][et_pb_column_inner saved_specialty_column_type=\u00bb3_4&#8243; _builder_version=\u00bb4.16&#8243; _module_preset=\u00bbdefault\u00bb global_colors_info=\u00bb{}\u00bb][et_pb_text _builder_version=\u00bb4.20.4&#8243; _dynamic_attributes=\u00bblink_option_url\u00bb _module_preset=\u00bbdefault\u00bb text_font=\u00bbHelvetica Neue Condensed|300|||||||\u00bb text_text_color=\u00bb#FFFFFF\u00bb text_font_size=\u00bb20px\u00bb header_2_font=\u00bbEB Garamond|900|||||||\u00bb header_2_text_color=\u00bb#FFFFFF\u00bb header_2_font_size=\u00bb45px\u00bb header_3_font=\u00bbEB Garamond|900|||||||\u00bb header_3_text_color=\u00bb#000000&#8243; header_3_font_size=\u00bb45px\u00bb use_background_color_gradient=\u00bbon\u00bb background_color_gradient_stops=\u00bbrgba(0,0,0,0) 0%|rgba(0,0,0,0) 100%\u00bb background_color_gradient_overlays_image=\u00bbon\u00bb background_color_gradient_start=\u00bbrgba(0,0,0,0)\u00bb background_color_gradient_end=\u00bbrgba(0,0,0,0)\u00bb background_image=\u00bbhttps:\/\/fortidelrourell.es\/wp-content\/uploads\/2022\/02\/wedding.jpg\u00bb text_orientation=\u00bbcenter\u00bb min_height=\u00bb45vh\u00bb custom_margin=\u00bb0px|0px|0px|0px|false|false\u00bb custom_padding=\u00bb0px|0px|0px|0px|false|false\u00bb hover_transition_duration=\u00bb900ms\u00bb link_option_url=\u00bb@ET-DC@eyJkeW5hbWljIjp0cnVlLCJjb250ZW50IjoicG9zdF9saW5rX3VybF9wYWdlIiwic2V0dGluZ3MiOnsicG9zdF9pZCI6Ijk2NzQifX0=@\u00bb custom_css_main_element=\u00bbdisplay: flex;||flex-direction: column;||justify-content: center;\u00bb global_colors_info=\u00bb{}\u00bb content__hover_enabled=\u00bbon|hover\u00bb content__hover=\u00bb<\/p>\n<h3>Bodes<\/h3>\n<p>Celebra la teva boda en un entorn de conte de fades. Tots els detalls per a un dia inoblidable.<\/p>\n<p>\u00bb background_color_gradient_start__hover=\u00bbrgba(255,255,255,0.82)\u00bb use_background_color_gradient__hover=\u00bbon\u00bb background_color_gradient_end__hover=\u00bbrgba(255,255,255,0.64)\u00bb background__hover_enabled=\u00bbon|hover\u00bb text_text_color__hover=\u00bb#000000&#8243; text_text_color__hover_enabled=\u00bbon|hover\u00bb header_2_text_color__hover=\u00bb#000000&#8243; header_2_text_color__hover_enabled=\u00bbon|desktop\u00bb background_color_gradient_stops__hover=\u00bbrgba(255,255,255,0.82) 0%|rgba(255,255,255,0.64) 100%\u00bb]<\/p>\n<h2>Bodes<\/h2>\n<p>&nbsp;<\/p>\n<p>[\/et_pb_text][\/et_pb_column_inner][\/et_pb_row_inner][et_pb_row_inner column_structure=\u00bb1_2,1_2&#8243; use_custom_gutter=\u00bbon\u00bb gutter_width=\u00bb2&#8243; _builder_version=\u00bb4.16&#8243; _module_preset=\u00bbdefault\u00bb custom_margin=\u00bb0px||||false|false\u00bb custom_padding=\u00bb10px||0px||false|false\u00bb global_colors_info=\u00bb{}\u00bb][et_pb_column_inner type=\u00bb1_2&#8243; saved_specialty_column_type=\u00bb3_4&#8243; _builder_version=\u00bb4.16&#8243; _module_preset=\u00bbdefault\u00bb global_colors_info=\u00bb{}\u00bb][et_pb_text _builder_version=\u00bb4.24.0&#8243; _dynamic_attributes=\u00bblink_option_url\u00bb _module_preset=\u00bbdefault\u00bb text_font=\u00bbHelvetica Neue Condensed|300|||||||\u00bb text_text_color=\u00bb#FFFFFF\u00bb text_font_size=\u00bb20px\u00bb header_2_font=\u00bbEB Garamond|900|||||||\u00bb header_2_text_color=\u00bb#FFFFFF\u00bb header_2_font_size=\u00bb45px\u00bb header_3_font=\u00bbEB Garamond|900|||||||\u00bb header_3_text_color=\u00bb#000000&#8243; header_3_font_size=\u00bb45px\u00bb use_background_color_gradient=\u00bbon\u00bb background_color_gradient_stops=\u00bbrgba(0,0,0,0) 0%|rgba(0,0,0,0) 100%\u00bb background_color_gradient_overlays_image=\u00bbon\u00bb background_color_gradient_start=\u00bbrgba(0,0,0,0)\u00bb background_color_gradient_end=\u00bbrgba(0,0,0,0)\u00bb background_image=\u00bbhttps:\/\/fortidelrourell.es\/wp-content\/uploads\/2020\/10\/foto-fachada-forti-del-rourell.jpg\u00bb text_orientation=\u00bbcenter\u00bb width=\u00bb106%\u00bb max_width=\u00bb821px\u00bb min_height=\u00bb45vh\u00bb max_height=\u00bb1000px\u00bb custom_margin=\u00bb||||false|false\u00bb custom_padding=\u00bb||||false|false\u00bb hover_transition_duration=\u00bb900ms\u00bb link_option_url=\u00bb@ET-DC@eyJkeW5hbWljIjp0cnVlLCJjb250ZW50IjoicG9zdF9saW5rX3VybF9wYWdlIiwic2V0dGluZ3MiOnsicG9zdF9pZCI6IjkwMTkifX0=@\u00bb custom_css_main_element=\u00bbdisplay: flex;||flex-direction: column;||justify-content: center;\u00bb global_colors_info=\u00bb{}\u00bb content__hover_enabled=\u00bbon|hover\u00bb content__hover=\u00bb<\/p>\n<h3>Esdeveniments corporatius<\/h3>\n<p>\u00a0<\/p>\n<p>\u00bb background_color_gradient_start__hover=\u00bbrgba(255,255,255,0.82)\u00bb use_background_color_gradient__hover=\u00bbon\u00bb background_color_gradient_end__hover=\u00bbrgba(255,255,255,0.64)\u00bb header_2_text_color__hover_enabled=\u00bbon|desktop\u00bb header_2_text_color__hover=\u00bb#000000&#8243; text_text_color__hover_enabled=\u00bbon|hover\u00bb text_text_color__hover=\u00bb#000000&#8243; background__hover_enabled=\u00bbon|hover\u00bb background_color_gradient_stops__hover=\u00bbrgba(255,255,255,0.82) 0%|rgba(255,255,255,0.64) 100%\u00bb]<\/p>\n<h2>Esdeveniments corporatius<\/h2>\n<p>&nbsp;<\/p>\n<p>[\/et_pb_text][\/et_pb_column_inner][et_pb_column_inner type=\u00bb1_2&#8243; saved_specialty_column_type=\u00bb3_4&#8243; _builder_version=\u00bb4.16&#8243; _module_preset=\u00bbdefault\u00bb global_colors_info=\u00bb{}\u00bb][et_pb_text _builder_version=\u00bb4.20.4&#8243; _dynamic_attributes=\u00bblink_option_url\u00bb _module_preset=\u00bbdefault\u00bb text_font=\u00bbHelvetica Neue Condensed|300|||||||\u00bb text_text_color=\u00bb#FFFFFF\u00bb text_font_size=\u00bb20px\u00bb header_2_font=\u00bbEB Garamond|900|||||||\u00bb header_2_text_color=\u00bb#FFFFFF\u00bb header_2_font_size=\u00bb42px\u00bb header_3_font=\u00bbEB Garamond|900|||||||\u00bb header_3_font_size=\u00bb42px\u00bb use_background_color_gradient=\u00bbon\u00bb background_color_gradient_stops=\u00bbrgba(0,0,0,0) 0%|rgba(0,0,0,0) 100%\u00bb background_color_gradient_overlays_image=\u00bbon\u00bb background_color_gradient_start=\u00bbrgba(0,0,0,0)\u00bb background_color_gradient_end=\u00bbrgba(0,0,0,0)\u00bb background_image=\u00bbhttps:\/\/fortidelrourell.es\/wp-content\/uploads\/2022\/03\/FORTI_Calcotada_-177-2.jpg\u00bb min_height=\u00bb45vh\u00bb height=\u00bb45vh\u00bb custom_margin=\u00bb||||false|false\u00bb custom_padding=\u00bb||||false|false\u00bb hover_transition_duration=\u00bb900ms\u00bb link_option_url=\u00bb@ET-DC@eyJkeW5hbWljIjp0cnVlLCJjb250ZW50IjoicG9zdF9saW5rX3VybF9wYWdlIiwic2V0dGluZ3MiOnsicG9zdF9pZCI6Ijg5NzgifX0=@\u00bb custom_css_main_element=\u00bbdisplay: flex;||flex-direction: column;||justify-content: center;\u00bb global_colors_info=\u00bb{}\u00bb content__hover_enabled=\u00bbon|hover\u00bb content__hover=\u00bb<\/p>\n<h3 style=%22text-align: center;%22>Cal\u00e7otades<\/h3>\n<p style=%22text-align: center;%22>L&#8217;aut\u00e8ntica cal\u00e7otada de Valls en un castell medieval.<\/p>\n<p>\u00bb background_color_gradient_start__hover=\u00bbrgba(255,255,255,0.71)\u00bb use_background_color_gradient__hover=\u00bbon\u00bb background_color_gradient_end__hover=\u00bbrgba(255,255,255,0.6)\u00bb background__hover_enabled=\u00bbon|hover\u00bb text_text_color__hover=\u00bb#000000&#8243; text_text_color__hover_enabled=\u00bbon|hover\u00bb header_2_text_color__hover=\u00bb#000000&#8243; header_2_text_color__hover_enabled=\u00bbon|hover\u00bb background_color_gradient_stops__hover=\u00bbrgba(255,255,255,0.71) 0%|rgba(255,255,255,0.6) 100%\u00bb]<\/p>\n<h2 style=\"text-align: center;\">Cal\u00e7otades<\/h2>\n<p>&nbsp;<\/p>\n<p>[\/et_pb_text][\/et_pb_column_inner][\/et_pb_row_inner][\/et_pb_column][\/et_pb_section][et_pb_section fb_built=\u00bb1&#8243; _builder_version=\u00bb4.16&#8243; _module_preset=\u00bbdefault\u00bb min_height=\u00bb0px\u00bb height=\u00bb16px\u00bb custom_margin=\u00bb||-56px||false|false\u00bb custom_padding=\u00bb0px||||false|false\u00bb global_colors_info=\u00bb{}\u00bb][\/et_pb_section][et_pb_section fb_built=\u00bb1&#8243; disabled_on=\u00bbon|on|on\u00bb _builder_version=\u00bb4.16&#8243; _module_preset=\u00bbdefault\u00bb z_index=\u00bb9&#8243; min_height=\u00bb251px\u00bb custom_padding=\u00bb||1px|||\u00bb scroll_vertical_motion=\u00bb0|50|50|100|0|0|-4&#8243; disabled=\u00bbon\u00bb global_colors_info=\u00bb{}\u00bb][et_pb_row column_structure=\u00bb1_5,3_5,1_5&#8243; _builder_version=\u00bb4.16&#8243; _module_preset=\u00bbdefault\u00bb global_colors_info=\u00bb{}\u00bb][et_pb_column type=\u00bb1_5&#8243; _builder_version=\u00bb4.16&#8243; _module_preset=\u00bbdefault\u00bb global_colors_info=\u00bb{}\u00bb][\/et_pb_column][et_pb_column type=\u00bb3_5&#8243; _builder_version=\u00bb4.16&#8243; _module_preset=\u00bbdefault\u00bb global_colors_info=\u00bb{}\u00bb][et_pb_text _builder_version=\u00bb4.22.1&#8243; _module_preset=\u00bbdefault\u00bb header_font=\u00bbPT Sans|700|||||||\u00bb header_font_size=\u00bb50px\u00bb text_orientation=\u00bbcenter\u00bb scroll_vertical_motion=\u00bb0|50|50|100|1|0|-0.5&#8243; header_font_size_tablet=\u00bb\u00bb header_font_size_phone=\u00bb40px\u00bb header_font_size_last_edited=\u00bbon|phone\u00bb global_colors_info=\u00bb{}\u00bb]<\/p>\n<h2>Celebracions a mida en el<\/h2>\n<h2>Fort\u00ed del Rourell<\/h2>\n<p>[\/et_pb_text][\/et_pb_column][et_pb_column type=\u00bb1_5&#8243; _builder_version=\u00bb4.16&#8243; _module_preset=\u00bbdefault\u00bb global_colors_info=\u00bb{}\u00bb][et_pb_image src=\u00bbhttps:\/\/fortidelrourell.es\/wp-content\/uploads\/2017\/01\/logo-forti-del-rourell.png\u00bb title_text=\u00bblogo-forti-del-rourell\u00bb _builder_version=\u00bb4.16&#8243; _module_preset=\u00bbdefault\u00bb global_colors_info=\u00bb{}\u00bb][\/et_pb_image][\/et_pb_column][\/et_pb_row][\/et_pb_section][et_pb_section fb_built=\u00bb1&#8243; disabled_on=\u00bbon|on|on\u00bb _builder_version=\u00bb4.16&#8243; _module_preset=\u00bbdefault\u00bb disabled=\u00bbon\u00bb global_colors_info=\u00bb{}\u00bb][et_pb_row column_structure=\u00bb1_3,1_3,1_3&#8243; use_custom_gutter=\u00bbon\u00bb gutter_width=\u00bb2&#8243; make_equal=\u00bbon\u00bb _builder_version=\u00bb4.16&#8243; _module_preset=\u00bbdefault\u00bb width=\u00bb90%\u00bb max_width=\u00bb90%\u00bb global_colors_info=\u00bb{}\u00bb][et_pb_column type=\u00bb1_3&#8243; _builder_version=\u00bb4.16&#8243; _module_preset=\u00bbdefault\u00bb global_colors_info=\u00bb{}\u00bb][et_pb_cta title=\u00bbCAL\u00c7OTADES\u00bb button_text=\u00bbClics\u00bb _builder_version=\u00bb4.20.4&#8243; _module_preset=\u00bbdefault\u00bb header_font=\u00bbPT Sans|700|||||||\u00bb header_font_size=\u00bb50px\u00bb body_font=\u00bbPT Sans||||||||\u00bb body_font_size=\u00bb20px\u00bb use_background_color=\u00bboff\u00bb use_background_color_gradient=\u00bbon\u00bb background_color_gradient_stops=\u00bbrgba(0,0,0,0.46) 0%|rgba(0,0,0,0) 100%\u00bb background_color_gradient_overlays_image=\u00bbon\u00bb background_color_gradient_start=\u00bbrgba(0,0,0,0.46)\u00bb background_color_gradient_end=\u00bbrgba(0,0,0,0)\u00bb background_image=\u00bbhttps:\/\/fortidelrourell.es\/wp-content\/uploads\/2022\/01\/calc\u0327otadamobile.png\u00bb width=\u00bb28vw\u00bb min_height=\u00bb28vw\u00bb custom_padding=\u00bb10vw|3vw||3vw|false|false\u00bb hover_transition_duration=\u00bb900ms\u00bb link_option_url=\u00bb\/calcotadas\u00bb border_radii=\u00bbon|50%|50%|50%|50%\u00bb global_colors_info=\u00bb{}\u00bb background__hover_enabled=\u00bbon|hover\u00bb background_color_gradient_start__hover=\u00bbrgba(175,159,131,0.6)\u00bb use_background_color_gradient__hover=\u00bbon\u00bb transform_styles__hover_enabled=\u00bbon|hover\u00bb transform_scale__hover_enabled=\u00bbon|hover\u00bb transform_translate__hover_enabled=\u00bbon|hover\u00bb transform_rotate__hover_enabled=\u00bbon|hover\u00bb transform_skew__hover_enabled=\u00bbon|hover\u00bb transform_origin__hover_enabled=\u00bbon|hover\u00bb transform_scale__hover=\u00bb110%|110%\u00bb content__hover_enabled=\u00bbon|hover\u00bb content__hover=\u00bb<\/p>\n<p>Gaudeix de lo millor de l&#8217;aut\u00e8ntica cal\u00e7otada en l&#8217;entorn incomparable d&#8217;un castell medieval.<\/p>\n<p>\u00bb title__hover_enabled=\u00bbon|hover\u00bb title__hover=\u00bb \u00bb background_color_gradient_stops__hover=\u00bbrgba(175,159,131,0.6) 0%|rgba(0,0,0,0) 100%\u00bb][\/et_pb_cta][\/et_pb_column][et_pb_column type=\u00bb1_3&#8243; _builder_version=\u00bb4.16&#8243; _module_preset=\u00bbdefault\u00bb global_colors_info=\u00bb{}\u00bb][et_pb_cta title=\u00bbBODES\u00bb button_text=\u00bbClics\u00bb _builder_version=\u00bb4.20.4&#8243; _module_preset=\u00bbdefault\u00bb header_font=\u00bbPT Sans|700|||||||\u00bb header_font_size=\u00bb50px\u00bb body_font=\u00bbPT Sans||||||||\u00bb body_font_size=\u00bb20px\u00bb background_color=\u00bbRGBA(0,0,0,0)\u00bb use_background_color_gradient=\u00bbon\u00bb background_color_gradient_stops=\u00bbrgba(0,0,0,0) 0%|rgba(0,0,0,0) 100%\u00bb background_color_gradient_overlays_image=\u00bbon\u00bb background_color_gradient_start=\u00bbrgba(0,0,0,0)\u00bb background_color_gradient_end=\u00bbrgba(0,0,0,0)\u00bb background_image=\u00bbhttps:\/\/fortidelrourell.es\/wp-content\/uploads\/2018\/03\/29Kepa_Fuentes_Fotografia_POSTBD_CristinaEloy.jpg\u00bb width=\u00bb28vw\u00bb min_height=\u00bb28vw\u00bb custom_padding=\u00bb10vw|3vw||3vw|false|false\u00bb hover_transition_duration=\u00bb900ms\u00bb link_option_url=\u00bb\/proximamente\u00bb border_radii=\u00bbon|50%|50%|50%|50%\u00bb global_colors_info=\u00bb{}\u00bb background__hover_enabled=\u00bbon|desktop\u00bb background_color_gradient_start__hover=\u00bbrgba(175,143,79,0.6)\u00bb use_background_color_gradient__hover=\u00bbon\u00bb transform_styles__hover_enabled=\u00bbon|hover\u00bb transform_scale__hover_enabled=\u00bbon|hover\u00bb transform_translate__hover_enabled=\u00bbon|hover\u00bb transform_rotate__hover_enabled=\u00bbon|hover\u00bb transform_skew__hover_enabled=\u00bbon|hover\u00bb transform_origin__hover_enabled=\u00bbon|hover\u00bb transform_scale__hover=\u00bb110%|110%\u00bb title__hover_enabled=\u00bbon|hover\u00bb title__hover=\u00bb \u00bb content__hover_enabled=\u00bbon|hover\u00bb content__hover=\u00bb<\/p>\n<p>Celebra tu boda en un entorno de cuento de hadas. Todos los detalles para un d\u00eda inolvidable.<\/p>\n<p>\u00bb background_color_gradient_stops__hover=\u00bbrgba(175,143,79,0.6) 0%|rgba(0,0,0,0) 100%\u00bb][\/et_pb_cta][\/et_pb_column][et_pb_column type=\u00bb1_3&#8243; _builder_version=\u00bb4.16&#8243; _module_preset=\u00bbdefault\u00bb global_colors_info=\u00bb{}\u00bb][et_pb_cta title=\u00bbOTROS EVENTOS\u00bb button_text=\u00bbClics\u00bb _builder_version=\u00bb4.16&#8243; _module_preset=\u00bbdefault\u00bb header_font=\u00bbPT Sans|700|||||||\u00bb header_font_size=\u00bb50px\u00bb body_font=\u00bbPT Sans||||||||\u00bb body_font_size=\u00bb17px\u00bb use_background_color=\u00bboff\u00bb use_background_color_gradient=\u00bbon\u00bb background_color_gradient_stops=\u00bbrgba(0,0,0,0.4) 0%|rgba(0,0,0,0) 100%\u00bb background_color_gradient_overlays_image=\u00bbon\u00bb background_color_gradient_start=\u00bbrgba(0,0,0,0.4)\u00bb background_color_gradient_end=\u00bbrgba(0,0,0,0)\u00bb background_image=\u00bbhttps:\/\/fortidelrourell.es\/wp-content\/uploads\/2017\/11\/Forti\u0301_Rourell_bodas-10ok.jpg\u00bb width=\u00bb28vw\u00bb min_height=\u00bb28vw\u00bb custom_padding=\u00bb10vw|3vw||3vw|false|false\u00bb hover_transition_duration=\u00bb900ms\u00bb link_option_url=\u00bb\/eventos\u00bb border_radii=\u00bbon|50%|50%|50%|50%\u00bb global_colors_info=\u00bb{}\u00bb background__hover_enabled=\u00bbon|desktop\u00bb background_color_gradient_start__hover=\u00bbrgba(175,159,131,0.6)\u00bb use_background_color_gradient__hover=\u00bbon\u00bb transform_styles__hover_enabled=\u00bbon|hover\u00bb transform_scale__hover_enabled=\u00bbon|hover\u00bb transform_translate__hover_enabled=\u00bbon|hover\u00bb transform_rotate__hover_enabled=\u00bbon|hover\u00bb transform_skew__hover_enabled=\u00bbon|hover\u00bb transform_origin__hover_enabled=\u00bbon|hover\u00bb transform_scale__hover=\u00bb110%|110%\u00bb title__hover_enabled=\u00bbon|hover\u00bb title__hover=\u00bb \u00bb content__hover_enabled=\u00bbon|desktop\u00bb content__hover=\u00bb<\/p>\n<p>Cena de empresa, un bautizo o una gran celebraci\u00f3n. Inf\u00f3rmate para conocer nuestras opciones y men\u00fas.<\/p>\n<p>\u00bb body_font_size__hover_enabled=\u00bbon|hover\u00bb body_font_size__hover=\u00bb20px\u00bb background_color_gradient_stops__hover=\u00bbrgba(175,159,131,0.6) 0%|rgba(0,0,0,0) 100%\u00bb][\/et_pb_cta][\/et_pb_column][\/et_pb_row][\/et_pb_section][et_pb_section fb_built=\u00bb1&#8243; disabled_on=\u00bboff|off|on\u00bb _builder_version=\u00bb4.16&#8243; _module_preset=\u00bbdefault\u00bb background_color=\u00bbrgba(175,159,131,0.05)\u00bb global_colors_info=\u00bb{}\u00bb][et_pb_row column_structure=\u00bb1_3,1_3,1_3&#8243; _builder_version=\u00bb4.16&#8243; _module_preset=\u00bbdefault\u00bb hover_enabled=\u00bb0&#8243; global_colors_info=\u00bb{}\u00bb sticky_enabled=\u00bb0&#8243;][et_pb_column type=\u00bb1_3&#8243; _builder_version=\u00bb4.16&#8243; _module_preset=\u00bbdefault\u00bb global_colors_info=\u00bb{}\u00bb][et_pb_blurb title=\u00bbBODES\u00bb image=\u00bbhttps:\/\/fortidelrourell.es\/wp-content\/uploads\/2022\/02\/wedding.jpg\u00bb _builder_version=\u00bb4.27.4&#8243; _module_preset=\u00bbdefault\u00bb header_font=\u00bbEB Garamond||||||||\u00bb header_font_size=\u00bb20px\u00bb body_font=\u00bbHelvetica Neue Condensed||||||||\u00bb body_font_size=\u00bb16px\u00bb hover_enabled=\u00bb0&#8243; global_colors_info=\u00bb{}\u00bb sticky_enabled=\u00bb0&#8243;]<\/p>\n<p>Celebra el teu casament en un entorn de conte de fades.\u00a0 Tots els detalls per a un dia inoblidable.<\/p>\n<p>[\/et_pb_blurb][et_pb_button button_url=\u00bb\/bodas\u00bb button_text=\u00bbM\u00e9s informaci\u00f3\u00bb button_alignment=\u00bbleft\u00bb _builder_version=\u00bb4.27.4&#8243; _module_preset=\u00bbdefault\u00bb custom_button=\u00bbon\u00bb button_text_color=\u00bb#FFFFFF\u00bb button_bg_color=\u00bb#B2A283&#8243; button_border_radius=\u00bb0px\u00bb button_font=\u00bbHelvetica Neue Condensed||||||||\u00bb hover_enabled=\u00bb0&#8243; global_colors_info=\u00bb{}\u00bb sticky_enabled=\u00bb0&#8243;][\/et_pb_button][\/et_pb_column][et_pb_column type=\u00bb1_3&#8243; _builder_version=\u00bb4.16&#8243; _module_preset=\u00bbdefault\u00bb global_colors_info=\u00bb{}\u00bb][\/et_pb_column][et_pb_column type=\u00bb1_3&#8243; _builder_version=\u00bb4.16&#8243; _module_preset=\u00bbdefault\u00bb global_colors_info=\u00bb{}\u00bb][et_pb_blurb title=\u00bbCAL\u00c7OTADES\u00bb url=\u00bb\/calcotadas\u00bb image=\u00bbhttps:\/\/fortidelrourell.es\/wp-content\/uploads\/2022\/01\/calc\u0327otadamobile.png\u00bb _builder_version=\u00bb4.27.4&#8243; _module_preset=\u00bbdefault\u00bb header_font=\u00bbEB Garamond||||||||\u00bb header_font_size=\u00bb20px\u00bb body_font=\u00bbHelvetica Neue Condensed||||||||\u00bb body_font_size=\u00bb16px\u00bb hover_enabled=\u00bb0&#8243; global_colors_info=\u00bb{}\u00bb sticky_enabled=\u00bb0&#8243;]<\/p>\n<p>Gaudeix del millor de l&#8217;aut\u00e8ntica *cal\u00e7otada en l&#8217;entorn incomparable d&#8217;un castell medieval.<\/p>\n<p>[\/et_pb_blurb][et_pb_button button_url=\u00bb\/calcotadas\u00bb button_text=\u00bbM\u00e9s informaci\u00f3\u00bb button_alignment=\u00bbleft\u00bb _builder_version=\u00bb4.27.4&#8243; _module_preset=\u00bbdefault\u00bb custom_button=\u00bbon\u00bb button_text_color=\u00bb#FFFFFF\u00bb button_bg_color=\u00bb#B2A283&#8243; button_border_radius=\u00bb0px\u00bb button_font=\u00bbHelvetica Neue Condensed||||||||\u00bb hover_enabled=\u00bb0&#8243; global_colors_info=\u00bb{}\u00bb sticky_enabled=\u00bb0&#8243;][\/et_pb_button][et_pb_blurb title=\u00bbALTRES ESDEVENIMENTS\u00bb image=\u00bbhttps:\/\/fortidelrourell.es\/wp-content\/uploads\/2018\/03\/Forti\u0301_Rourell_bodas-10ok.jpg\u00bb _builder_version=\u00bb4.27.4&#8243; _module_preset=\u00bbdefault\u00bb header_font=\u00bbEB Garamond||||||||\u00bb header_font_size=\u00bb20px\u00bb body_font=\u00bbHelvetica Neue Condensed||||||||\u00bb body_font_size=\u00bb16px\u00bb hover_enabled=\u00bb0&#8243; global_colors_info=\u00bb{}\u00bb sticky_enabled=\u00bb0&#8243;]<\/p>\n<p><span>Sopar d&#8217;empresa, un bateig o una gran celebraci\u00f3. Informa&#8217;t per a con\u00e8ixer les nostres opcions i men\u00fas.<\/span><\/p>\n<p>[\/et_pb_blurb][et_pb_button button_url=\u00bb\/eventos\u00bb button_text=\u00bbM\u00e9s informaci\u00f3\u00bb button_alignment=\u00bbleft\u00bb _builder_version=\u00bb4.27.4&#8243; _module_preset=\u00bbdefault\u00bb custom_button=\u00bbon\u00bb button_text_color=\u00bb#FFFFFF\u00bb button_bg_color=\u00bb#B2A283&#8243; button_border_radius=\u00bb0px\u00bb button_font=\u00bbHelvetica Neue Condensed||||||||\u00bb hover_enabled=\u00bb0&#8243; global_colors_info=\u00bb{}\u00bb sticky_enabled=\u00bb0&#8243;][\/et_pb_button][\/et_pb_column][\/et_pb_row][\/et_pb_section][et_pb_section fb_built=\u00bb1&#8243; disabled_on=\u00bbon|on|on\u00bb _builder_version=\u00bb4.16&#8243; _module_preset=\u00bbdefault\u00bb z_index=\u00bb9&#8243; scroll_vertical_motion=\u00bb0|50|50|100|0|0|-4&#8243; disabled=\u00bbon\u00bb global_colors_info=\u00bb{}\u00bb][et_pb_row _builder_version=\u00bb4.16&#8243; _module_preset=\u00bbdefault\u00bb global_colors_info=\u00bb{}\u00bb][et_pb_column type=\u00bb4_4&#8243; _builder_version=\u00bb4.16&#8243; _module_preset=\u00bbdefault\u00bb global_colors_info=\u00bb{}\u00bb][et_pb_text _builder_version=\u00bb4.16&#8243; _module_preset=\u00bbdefault\u00bb text_font=\u00bbPT Sans Narrow||||||||\u00bb text_font_size=\u00bb20px\u00bb link_text_color=\u00bb#96B0A1&#8243; animation_style=\u00bbfade\u00bb scroll_vertical_motion_enable=\u00bbon\u00bb scroll_vertical_motion=\u00bb0|50|50|100|1|0|-0.5&#8243; global_colors_info=\u00bb{}\u00bb]<\/p>\n<p><strong>El Fort\u00ed del Rourell<\/strong> es un fort\u00edn medieval del siglo XII, habilitado ahora como espacio para celebraciones y <a href=\"https:\/\/fortidelrourell.es\/eventos\/\">eventos gastron\u00f3micos<\/a>. Ya sea para celebrar una boda de cuento o una cena de empresa, el Fort\u00ed es un entorno que har\u00e1 que tu evento luzca perfecto. Durante la temporada de <a href=\"https:\/\/fortidelrourell.es\/calcotadas\/\">cal\u00e7otadas<\/a>, de enero a marzo, en el Fort\u00ed realizamos tambi\u00e9n la celebraci\u00f3n de <a href=\"https:\/\/fortidelrourell.es\/calcotadas\/\">cal\u00e7otadas<\/a>.<\/p>\n<p>[\/et_pb_text][\/et_pb_column][\/et_pb_row][\/et_pb_section]<\/p>\n","protected":false},"excerpt":{"rendered":"<p>Bodas Celebra tu boda en un entorno de cuento de hadas.\u00a0 Todos los detalles para un d\u00eda inolvidable.Otros eventos Cena de empresa, un bautizo o una gran celebraci\u00f3n. Inf\u00f3rmate para conocer nuestras opciones y men\u00fas.CAL\u00c7OTADAS Disfruta de lo mejor de la aut\u00e9ntica cal\u00e7otada en el entorno incomparable de un castillo medievalEl Fort\u00ed del Rourell &nbsp; [&hellip;]<\/p>\n","protected":false},"author":1,"featured_media":13364,"parent":0,"menu_order":0,"comment_status":"closed","ping_status":"closed","template":"","meta":{"_et_pb_use_builder":"on","_et_pb_old_content":"[blank h=\"30\"]\r\n\r\n[\/blank]\r\n\r\n[column parallax_bg=\"disabled\" parallax_bg_inertia=\"-0.2\" extended=\"false\" extended_padding=\"true\" background_color=\"#d0d9e0\" background_image=\"\" background_repeat=\"\" background_position=\"\" background_size=\"auto\" background_attachment=\"\" hide_bg_lowres=\"false\" background_video=\"\" vertical_padding_top=\"0\" vertical_padding_bottom=\"0\" more_link=\"\" more_text=\"\" left_border=\"transparent\" class=\"nopadding\" id=\"THE-WEDDING\" title=\"\" title_type=\"single\" animation=\"zoom-in\" width=\"1\/2\"]\r\n\r\n<a href=\"https:\/\/fortidelrourell.es\/wp-content\/uploads\/2020\/10\/tit-forti-del-rourell.png\"><img class=\"size-medium wp-image-8830 aligncenter\" src=\"https:\/\/fortidelrourell.es\/wp-content\/uploads\/2020\/10\/tit-forti-del-rourell-300x111.png\" alt=\"\" width=\"300\" height=\"111\" \/><\/a>\r\n\r\nEl Forti\u0301 del Rourell es un lugar de encuentro entre el pasado y el presente donde se entrelazan diferentes e\u0301pocas con una historia milenaria de origen Templario.\r\n\r\nEste castillo palaciego del siglo XII ha sido declarado bien de intere\u0301s cultural por la Generalitat de Catalunya y se caracteriza por la confortabilidad de sus salones y el encanto de su decoracio\u0301n.\r\n\r\nEl Forti\u0301 del Rourell se compone de diferentes espacios totalmente a vuestra disposicio\u0301n, como son La Plaza del Castillo, La antigua cochera de Ceremonias, el gran salo\u0301n Els Nenu\u0301fars, La Sala Go\u0301tica del Forti\u0301 y la zona Noble con capacidades para hasta 160 comensales.\r\n\r\nUn lugar idi\u0301lico para celebrar vuestra boda de forma totalmente personalizada, asombrando a cada uno de los invitados y superando con creces sus expectativas.\r\n\r\nSin duda, un marco incomparable que hace que cada boda sea especial y u\u0301nica.\r\n\r\n[\/column]\r\n\r\n[column parallax_bg=\"disabled\" parallax_bg_inertia=\"-0.2\" extended=\"false\" extended_padding=\"true\" background_color=\"\" background_image=\"\" background_repeat=\"\" background_position=\"\" background_size=\"auto\" background_attachment=\"\" hide_bg_lowres=\"false\" background_video=\"\" vertical_padding_top=\"0\" vertical_padding_bottom=\"0\" more_link=\"\" more_text=\"\" left_border=\"transparent\" class=\"nopadding\" id=\"THE-WEDDING\" title=\"\" title_type=\"single\" animation=\"zoom-in\" width=\"1\/2\" last=\"true\"]\r\n<p style=\"margin: 0px;\"><img class=\"alignnone size-full wp-image-8831\" src=\"https:\/\/fortidelrourell.es\/wp-content\/uploads\/2020\/11\/foto-fachada-forti-rourell2.jpg\" alt=\"\" width=\"100%\" \/><\/p>\r\n[\/column]\r\n\r\n[blank h=\"90\"]\r\n\r\n[\/blank]\r\n\r\n[column parallax_bg=\"disabled\" parallax_bg_inertia=\"-0.2\" extended=\"true\" extended_padding=\"true\" background_color=\"#f9f9f9\" background_image=\"\" background_repeat=\"\" background_position=\"\" background_size=\"auto\" background_attachment=\"\" hide_bg_lowres=\"false\" background_video=\"\" vertical_padding_top=\"0\" vertical_padding_bottom=\"50\" more_link=\"\" more_text=\"\" left_border=\"transparent\" class=\"\" id=\"galeria-de-fotos\" title=\"GALERIA DE FOTOS\" title_type=\"no-divider\" animation=\"none\" width=\"1\/1\" last=\"true\"]\r\n\r\n[column_1 width=\"1\/1\" last=\"true\" title=\"\" title_type=\"single\" animation=\"zoom-in\" implicit=\"true\"]\r\n\r\n[gallery link=\"file\" size=\"large\" ids=\"8503,8504,8505,8508,8507,8506,8125,8501,8502\"]\r\n\r\n[push h=\"20\"] [button id=\"\" style=\"border\" class=\"\" align=\"center\" link=\"\/galeria\" linkTarget=\"_self\" bgColor=\"accent1\" hover_color=\"accent1\" font=\"14\" icon=\"\" icon_placement=\"left\" icon_color=\"\"]VER GALERIA COMPLETA \u2192[\/button]\r\n\r\n[\/column_1]\r\n\r\n[blank h=\"60\"]\r\n\r\n[\/blank]\r\n\r\n[\/column]","_et_gb_content_width":"","footnotes":""},"class_list":["post-13630","page","type-page","status-publish","has-post-thumbnail","hentry"],"yoast_head":"<!-- This site is optimized with the Yoast SEO plugin v28.2 - https:\/\/yoast.com\/product\/yoast-seo-wordpress\/ -->\n<title>El Fort\u00ed del Rourell | bodes i esdeveniments en un fort\u00ed del s.XII<\/title>\n<meta name=\"description\" content=\"Fort\u00ed del Rourell, un fort\u00ed templari del segle XII per celebrar el teu casament o esdeveniment. Reserva una visita sense comprom\u00eds \ud83c\udff0\" \/>\n<meta name=\"robots\" content=\"index, follow, max-snippet:-1, max-image-preview:large, max-video-preview:-1\" \/>\n<link rel=\"canonical\" href=\"https:\/\/fortidelrourell.es\/ca\/\" \/>\n<meta property=\"og:locale\" content=\"ca_ES\" \/>\n<meta property=\"og:type\" content=\"article\" \/>\n<meta property=\"og:title\" content=\"El Fort\u00ed del Rourell | bodes i esdeveniments en un fort\u00ed del s.XII\" \/>\n<meta property=\"og:description\" content=\"Fort\u00ed del Rourell, un fort\u00ed templari del segle XII per celebrar el teu casament o esdeveniment. Reserva una visita sense comprom\u00eds \ud83c\udff0\" \/>\n<meta property=\"og:url\" content=\"https:\/\/fortidelrourell.es\/ca\/\" \/>\n<meta property=\"og:site_name\" content=\"Forti del Rourell\" \/>\n<meta property=\"article:modified_time\" content=\"2025-01-27T15:13:18+00:00\" \/>\n<meta property=\"og:image\" content=\"https:\/\/fortidelrourell.es\/wp-content\/uploads\/2020\/10\/logo-forti-del-rourell.png\" \/>\n\t<meta property=\"og:image:width\" content=\"300\" \/>\n\t<meta property=\"og:image:height\" content=\"135\" \/>\n\t<meta property=\"og:image:type\" content=\"image\/png\" \/>\n<meta name=\"twitter:card\" content=\"summary_large_image\" \/>\n<meta name=\"twitter:label1\" content=\"Temps estimat de lectura\" \/>\n\t<meta name=\"twitter:data1\" content=\"5 minuts\" \/>\n<script type=\"application\/ld+json\" class=\"yoast-schema-graph\">{\"@context\":\"https:\\\/\\\/schema.org\",\"@graph\":[{\"@type\":\"WebPage\",\"@id\":\"https:\\\/\\\/fortidelrourell.es\\\/ca\\\/\",\"url\":\"https:\\\/\\\/fortidelrourell.es\\\/ca\\\/\",\"name\":\"El Fort\u00ed del Rourell | bodes i esdeveniments en un fort\u00ed del s.XII\",\"isPartOf\":{\"@id\":\"https:\\\/\\\/fortidelrourell.es\\\/ca\\\/#website\"},\"primaryImageOfPage\":{\"@id\":\"https:\\\/\\\/fortidelrourell.es\\\/ca\\\/#primaryimage\"},\"image\":{\"@id\":\"https:\\\/\\\/fortidelrourell.es\\\/ca\\\/#primaryimage\"},\"thumbnailUrl\":\"https:\\\/\\\/fortidelrourell.es\\\/wp-content\\\/uploads\\\/2020\\\/10\\\/logo-forti-del-rourell.png\",\"datePublished\":\"2022-01-04T11:19:17+00:00\",\"dateModified\":\"2025-01-27T15:13:18+00:00\",\"description\":\"Fort\u00ed del Rourell, un fort\u00ed templari del segle XII per celebrar el teu casament o esdeveniment. Reserva una visita sense comprom\u00eds \ud83c\udff0\",\"breadcrumb\":{\"@id\":\"https:\\\/\\\/fortidelrourell.es\\\/ca\\\/#breadcrumb\"},\"inLanguage\":\"ca\",\"potentialAction\":[{\"@type\":\"ReadAction\",\"target\":[\"https:\\\/\\\/fortidelrourell.es\\\/ca\\\/\"]}]},{\"@type\":\"ImageObject\",\"inLanguage\":\"ca\",\"@id\":\"https:\\\/\\\/fortidelrourell.es\\\/ca\\\/#primaryimage\",\"url\":\"https:\\\/\\\/fortidelrourell.es\\\/wp-content\\\/uploads\\\/2020\\\/10\\\/logo-forti-del-rourell.png\",\"contentUrl\":\"https:\\\/\\\/fortidelrourell.es\\\/wp-content\\\/uploads\\\/2020\\\/10\\\/logo-forti-del-rourell.png\",\"width\":300,\"height\":135},{\"@type\":\"BreadcrumbList\",\"@id\":\"https:\\\/\\\/fortidelrourell.es\\\/ca\\\/#breadcrumb\",\"itemListElement\":[{\"@type\":\"ListItem\",\"position\":1,\"name\":\"Portada\",\"item\":\"https:\\\/\\\/fortidelrourell.es\\\/ca\\\/\"},{\"@type\":\"ListItem\",\"position\":2,\"name\":\"Home\"}]},{\"@type\":\"WebSite\",\"@id\":\"https:\\\/\\\/fortidelrourell.es\\\/ca\\\/#website\",\"url\":\"https:\\\/\\\/fortidelrourell.es\\\/ca\\\/\",\"name\":\"Forti del Rourell\",\"description\":\"Una experiencia \u00fanica en un entorno privilegiado.\",\"potentialAction\":[{\"@type\":\"SearchAction\",\"target\":{\"@type\":\"EntryPoint\",\"urlTemplate\":\"https:\\\/\\\/fortidelrourell.es\\\/ca\\\/?s={search_term_string}\"},\"query-input\":{\"@type\":\"PropertyValueSpecification\",\"valueRequired\":true,\"valueName\":\"search_term_string\"}}],\"inLanguage\":\"ca\"}]}<\/script>\n<!-- \/ Yoast SEO plugin. -->","yoast_head_json":{"title":"El Fort\u00ed del Rourell | bodes i esdeveniments en un fort\u00ed del s.XII","description":"Fort\u00ed del Rourell, un fort\u00ed templari del segle XII per celebrar el teu casament o esdeveniment. Reserva una visita sense comprom\u00eds \ud83c\udff0","robots":{"index":"index","follow":"follow","max-snippet":"max-snippet:-1","max-image-preview":"max-image-preview:large","max-video-preview":"max-video-preview:-1"},"canonical":"https:\/\/fortidelrourell.es\/ca\/","og_locale":"ca_ES","og_type":"article","og_title":"El Fort\u00ed del Rourell | bodes i esdeveniments en un fort\u00ed del s.XII","og_description":"Fort\u00ed del Rourell, un fort\u00ed templari del segle XII per celebrar el teu casament o esdeveniment. Reserva una visita sense comprom\u00eds \ud83c\udff0","og_url":"https:\/\/fortidelrourell.es\/ca\/","og_site_name":"Forti del Rourell","article_modified_time":"2025-01-27T15:13:18+00:00","og_image":[{"width":300,"height":135,"url":"https:\/\/fortidelrourell.es\/wp-content\/uploads\/2020\/10\/logo-forti-del-rourell.png","type":"image\/png"}],"twitter_card":"summary_large_image","twitter_misc":{"Temps estimat de lectura":"5 minuts"},"schema":{"@context":"https:\/\/schema.org","@graph":[{"@type":"WebPage","@id":"https:\/\/fortidelrourell.es\/ca\/","url":"https:\/\/fortidelrourell.es\/ca\/","name":"El Fort\u00ed del Rourell | bodes i esdeveniments en un fort\u00ed del s.XII","isPartOf":{"@id":"https:\/\/fortidelrourell.es\/ca\/#website"},"primaryImageOfPage":{"@id":"https:\/\/fortidelrourell.es\/ca\/#primaryimage"},"image":{"@id":"https:\/\/fortidelrourell.es\/ca\/#primaryimage"},"thumbnailUrl":"https:\/\/fortidelrourell.es\/wp-content\/uploads\/2020\/10\/logo-forti-del-rourell.png","datePublished":"2022-01-04T11:19:17+00:00","dateModified":"2025-01-27T15:13:18+00:00","description":"Fort\u00ed del Rourell, un fort\u00ed templari del segle XII per celebrar el teu casament o esdeveniment. Reserva una visita sense comprom\u00eds \ud83c\udff0","breadcrumb":{"@id":"https:\/\/fortidelrourell.es\/ca\/#breadcrumb"},"inLanguage":"ca","potentialAction":[{"@type":"ReadAction","target":["https:\/\/fortidelrourell.es\/ca\/"]}]},{"@type":"ImageObject","inLanguage":"ca","@id":"https:\/\/fortidelrourell.es\/ca\/#primaryimage","url":"https:\/\/fortidelrourell.es\/wp-content\/uploads\/2020\/10\/logo-forti-del-rourell.png","contentUrl":"https:\/\/fortidelrourell.es\/wp-content\/uploads\/2020\/10\/logo-forti-del-rourell.png","width":300,"height":135},{"@type":"BreadcrumbList","@id":"https:\/\/fortidelrourell.es\/ca\/#breadcrumb","itemListElement":[{"@type":"ListItem","position":1,"name":"Portada","item":"https:\/\/fortidelrourell.es\/ca\/"},{"@type":"ListItem","position":2,"name":"Home"}]},{"@type":"WebSite","@id":"https:\/\/fortidelrourell.es\/ca\/#website","url":"https:\/\/fortidelrourell.es\/ca\/","name":"Forti del Rourell","description":"Una experiencia \u00fanica en un entorno privilegiado.","potentialAction":[{"@type":"SearchAction","target":{"@type":"EntryPoint","urlTemplate":"https:\/\/fortidelrourell.es\/ca\/?s={search_term_string}"},"query-input":{"@type":"PropertyValueSpecification","valueRequired":true,"valueName":"search_term_string"}}],"inLanguage":"ca"}]}},"_links":{"self":[{"href":"https:\/\/fortidelrourell.es\/ca\/wp-json\/wp\/v2\/pages\/13630","targetHints":{"allow":["GET"]}}],"collection":[{"href":"https:\/\/fortidelrourell.es\/ca\/wp-json\/wp\/v2\/pages"}],"about":[{"href":"https:\/\/fortidelrourell.es\/ca\/wp-json\/wp\/v2\/types\/page"}],"author":[{"embeddable":true,"href":"https:\/\/fortidelrourell.es\/ca\/wp-json\/wp\/v2\/users\/1"}],"replies":[{"embeddable":true,"href":"https:\/\/fortidelrourell.es\/ca\/wp-json\/wp\/v2\/comments?post=13630"}],"version-history":[{"count":2,"href":"https:\/\/fortidelrourell.es\/ca\/wp-json\/wp\/v2\/pages\/13630\/revisions"}],"predecessor-version":[{"id":16827,"href":"https:\/\/fortidelrourell.es\/ca\/wp-json\/wp\/v2\/pages\/13630\/revisions\/16827"}],"wp:featuredmedia":[{"embeddable":true,"href":"https:\/\/fortidelrourell.es\/ca\/wp-json\/wp\/v2\/media\/13364"}],"wp:attachment":[{"href":"https:\/\/fortidelrourell.es\/ca\/wp-json\/wp\/v2\/media?parent=13630"}],"curies":[{"name":"wp","href":"https:\/\/api.w.org\/{rel}","templated":true}]}}